

{"id":3617,"date":"2018-12-01T13:00:44","date_gmt":"2018-12-01T13:00:44","guid":{"rendered":"https:\/\/www.homeapartmentsjerez.com\/zambombas-2018\/"},"modified":"2023-02-08T09:31:34","modified_gmt":"2023-02-08T09:31:34","slug":"zambombas","status":"publish","type":"page","link":"https:\/\/www.homeapartmentsjerez.com\/fr\/recommandations\/jerez-de-la-frontera-2\/jerez-de-la-frontera\/zambombas\/","title":{"rendered":"Zambomb\u00e1s"},"content":{"rendered":"<h1 style=\"text-align: center;\">Zambombas 2018<\/h1>\n<h1 style=\"text-align: center;\">Jerez de la Frontera<\/h1>\n<h2 id=\"16n\">Viernes 16 de noviembre<\/h2>\n<p><strong>Tribbeca<\/strong><\/p>\n<ul>\n<li>00:00 horas \u2013 Avenida Alcalde \u00c1lvaro Domecq, 13<\/li>\n<li>Actuaciones: Roberto Osorno<\/li>\n<\/ul>\n<h2 id=\"17n\">S\u00e1bado 17 de noviembre<\/h2>\n<p><strong>Terraza Blue Monkey<\/strong><\/p>\n<ul>\n<li>13:00 horas \u2013 Calle Amianto<\/li>\n<li>Actuaciones: Luis de Perik\u00edn y Familia, Manuel de la Momi, Flamenker\u00eda, Al Paso, Sobre Tablas, Los Viandantes<\/li>\n<\/ul>\n<p><strong>Pe\u00f1a Flamenca Alba Neira<\/strong><\/p>\n<ul>\n<li>14:00 horas \u2013 Calle Tajo (Barriada La Pita)<\/li>\n<li>Actuaciones: Flamenker\u00eda (a partir de las 21:30 horas)<\/li>\n<\/ul>\n<h2 id=\"18n\">Domingo 18 de noviembre<\/h2>\n<p><strong>La zambomba der Willy<\/strong><\/p>\n<ul>\n<li>14:00 horas -&gt; Bodega La Plazuela (Plaza Serrana)<\/li>\n<li>Actuaciones: Conkach\u00e9, Flamenker\u00eda, Los Viandantes, Se dan Clases de Zambomba<\/li>\n<\/ul>\n<h2 id=\"23n\">Viernes 23 de noviembre<\/h2>\n<p><strong>Pe\u00f1a Flamenca Alba Neira<\/strong><\/p>\n<ul>\n<li>14:00 horas \u2013 Calle Tajo (Barriada La Pita)<\/li>\n<li>Actuaciones: Mar\u00eda con H, Nerea Soto y su gente (a partir de las 21:00 horas)<\/li>\n<\/ul>\n<p><strong>Tabanco Las Cuadras<\/strong><\/p>\n<ul>\n<li>19:00 horas \u2013 Plaza de la Asunci\u00f3n<\/li>\n<li>Actuaciones: Flamenker\u00eda<\/li>\n<\/ul>\n<p><strong>Plaza Canterbury <\/strong><\/p>\n<ul>\n<li>23:00 horas \u2013 Calle Nu\u00f1o de Ca\u00f1a<\/li>\n<li>Actuaciones: Los Viandantes<\/li>\n<\/ul>\n<p><strong>Restaurante Tendido 6<\/strong><\/p>\n<ul>\n<li>23:30 horas \u2013 Calle Circo, 12 \u2013 14<\/li>\n<li>Actuaciones: Grupo Caireles<\/li>\n<\/ul>\n<p><strong>Kapote <\/strong><\/p>\n<ul>\n<li>23:30 horas \u2013 Avenida Alcalde \u00c1lvaro Domecq, 13<\/li>\n<li>Actuaciones: Se dan Clases de Zambomba<\/li>\n<\/ul>\n<p><strong>Tribbeca<\/strong><\/p>\n<ul>\n<li>00:00 horas \u2013 Avenida Alcalde \u00c1lvaro Domecq, 13<\/li>\n<li>Actuaciones: Sobre Tablas<\/li>\n<\/ul>\n<h2 id=\"24n\">S\u00e1bado 24 de noviembre<\/h2>\n<p><strong>Custom Brothers<\/strong><\/p>\n<ul>\n<li>13:00 horas \u2013 Calle Sud\u00e1frica, 82 (P.I. El Portal)<\/li>\n<\/ul>\n<p><strong>Bar La Torre<\/strong><\/p>\n<ul>\n<li>13:00 horas \u2013 Plaza de la Vid, 2<\/li>\n<\/ul>\n<p><strong>Pe\u00f1a Rociera Romero Verde<\/strong><\/p>\n<ul>\n<li>13:30 horas \u2013 AAVV San Miguel (Ronda Muleros)<\/li>\n<\/ul>\n<p><strong>Down Jerez Aspanido<\/strong><\/p>\n<ul>\n<li>14:00 horas \u2013 Bodega Do\u00f1a Mar\u00eda (Plaza del Cubo)<\/li>\n<li>Actuaciones: Se dan Clases de Zambomba, Coro de la Abuela Ana, Coro Solidario ADES, Manuel de Cantarote, Solera y Comp\u00e1s, Flamenker\u00eda, Erre k Erre<\/li>\n<\/ul>\n<p><strong>Pe\u00f1a Flamenca Alba Neira<\/strong><\/p>\n<ul>\n<li>14:00 horas \u2013 Calle Tajo (Barriada La Pita)<\/li>\n<li>Actuaciones: Coro de la Abuela Mar\u00eda (a partir de las 21:00 horas)<\/li>\n<\/ul>\n<p><strong>Rinc\u00f3n Grana\u00edno<\/strong><\/p>\n<ul>\n<li>14:00 horas \u2013 Calle Porvera, 47<\/li>\n<li>Actuaciones: Coro de la Abuela Mar\u00eda<\/li>\n<\/ul>\n<p><strong>Hermandad de la Exaltaci\u00f3n y Salud de San Rafael<\/strong><\/p>\n<ul>\n<li>14:00 horas \u2013 Calle Carne<\/li>\n<li>Actuaciones: Coro de la Hermandad, Coro de la Salud de San Rafael, Alendoy<\/li>\n<\/ul>\n<p><strong>Reyes Magos de Jerez<\/strong><\/p>\n<ul>\n<li>14:00 horas \u2013 Club Nazaret<\/li>\n<li>Actuaciones: Macarena de Jerez, Son del Sur, \u00c1ngel Torres, Almendro de Jerez, Coro de la Abuela Mar\u00eda, Los Bodegones, Bibiana Silva, Jos\u00e9 M\u00e9ndez, Coro de Manuel Cantarote<\/li>\n<li>Donativo: 5 euros<\/li>\n<\/ul>\n<p><strong>Hermandad de la Mortaja<\/strong><\/p>\n<ul>\n<li>14:00 horas \u2013 Bodega Las Cocheras (Plaza de las Cocheras)<\/li>\n<li>Actuaciones: Coro Los Finales<\/li>\n<\/ul>\n<p><strong>Tabanco Cruz Vieja<\/strong><\/p>\n<ul>\n<li>14:30 horas \u2013 Calle Barja, 16<\/li>\n<\/ul>\n<p><strong>Restaurante La Piedra<\/strong><\/p>\n<ul>\n<li>17:00 horas \u2013 Avenida de Lebrija (Parque Empresarial)<\/li>\n<li>Actuaciones: Cambio de Tercio, Solera y Comp\u00e1s, Se dan Clases de Zambomba y varios artistas m\u00e1s<\/li>\n<li>Entrada: por invitaciones a cambio de un kilo de alimentos<\/li>\n<\/ul>\n<p><strong>Plaza Canterbury <\/strong><\/p>\n<ul>\n<li>17:00 horas \u2013 Calle Nu\u00f1o de Ca\u00f1a<\/li>\n<li>Actuaciones: Conkach\u00e9<\/li>\n<\/ul>\n<p><strong>Casa S\u00e1nchez<\/strong><\/p>\n<ul>\n<li>17:30 horas \u2013 Calle Circo, 4<\/li>\n<li>Actuaciones: Rey Morao y las Ni\u00f1as del Mono<\/li>\n<\/ul>\n<p><strong>Bereber<\/strong><\/p>\n<ul>\n<li>19:00 horas \u2013 Calle Cabezas, 10<\/li>\n<li>Actuaciones: Duende<\/li>\n<\/ul>\n<p><strong>Tabanco Las Cuadras<\/strong><\/p>\n<ul>\n<li>19:00 horas \u2013 Plaza de la Asunci\u00f3n<\/li>\n<li>Actuaciones: Zarzanas<\/li>\n<\/ul>\n<p><strong>AVV Los Zod\u00edacos<\/strong><\/p>\n<ul>\n<li>20:30 horas \u2013 Centro de Barrio de La Milagrosa<\/li>\n<li>Actuaciones: Coro de Mujeres de la Asociaci\u00f3n, Najela<\/li>\n<\/ul>\n<p><strong>Hermandad del Amor<\/strong><\/p>\n<ul>\n<li>21:00 horas \u2013 Calle San Juan<\/li>\n<\/ul>\n<h2 id=\"25n\">Domingo 25 de noviembre<\/h2>\n<p><strong>Tabanco Cruz Vieja<\/strong><\/p>\n<ul>\n<li>14:30 horas \u2013 Calle Barja, 16<\/li>\n<\/ul>\n<p><strong>Restaurante Tendido 6<\/strong><\/p>\n<ul>\n<li>16:00 horas \u2013 Calle Circo, 12 \u2013 14<\/li>\n<li>Actuaciones: Coro de la Abuela Mar\u00eda<\/li>\n<\/ul>\n<p><strong>Planta Baja<\/strong><\/p>\n<ul>\n<li>19:00 horas \u2013 Avenida Amsterdam<\/li>\n<li>Actuaciones: Duende<\/li>\n<\/ul>\n<h2 id=\"30n\">Viernes 30 de noviembre<\/h2>\n<p><strong>Meeting Point Caf\u00e9 Bar<\/strong><\/p>\n<ul>\n<li>15:30 horas \u2013 Calle Enrique Dom\u00ednguez Rodi\u00f1o (Torres de C\u00f3rdoba)<\/li>\n<li>Actuaciones: Esencia<\/li>\n<\/ul>\n<p><strong>Andaluc\u00eda X S\u00ed<\/strong><\/p>\n<ul>\n<li>15:30 horas \u2013 Bar Porvera (Calle Porvera)<\/li>\n<li>Actuaciones: Coro Cantares del Abuelo<\/li>\n<\/ul>\n<p><strong>Hontoria Garden Bar<\/strong><\/p>\n<ul>\n<li>17:00 horas \u2013 Avenida Alcalde \u00c1lvaro Domecq, 31<\/li>\n<li>Actuaciones: Al Son de la Navidad<\/li>\n<\/ul>\n<p><strong>Bar El Capote<\/strong><\/p>\n<ul>\n<li>17:30 horas \u2013 Avenida de la Universidad, 7<\/li>\n<\/ul>\n<p><strong>Casa S\u00e1nchez<\/strong><\/p>\n<ul>\n<li>17:30 horas \u2013 Calle Circo, 4<\/li>\n<li>Actuaciones: Roc\u00edo Parrilla y familia<\/li>\n<\/ul>\n<p><strong>Marisquer\u00eda La Rosaleda<\/strong><\/p>\n<ul>\n<li>17:30 horas \u2013 Avenida Alcalde \u00c1lvaro Domecq<\/li>\n<li>Actuaciones: Carmen Cantarota, Gema La Cantarota, Sandra Rinc\u00f3n, Anabel Rosado, Juan Pe\u00f1a<\/li>\n<\/ul>\n<p><strong>Bar Macuto<\/strong><\/p>\n<ul>\n<li>19:00 horas \u2013 Plaza de la Vid<\/li>\n<\/ul>\n<p><strong>Bereber<\/strong><\/p>\n<ul>\n<li>19:00 horas \u2013 Calle Cabezas, 10<\/li>\n<li>Actuaciones: Luis de Perik\u00edn, Zarzanas<\/li>\n<\/ul>\n<p><strong>Tabanco Las Cuadras<\/strong><\/p>\n<ul>\n<li>19:00 horas \u2013 Plaza de la Asunci\u00f3n<\/li>\n<li>Actuaciones: Al Paso<\/li>\n<\/ul>\n<p><strong>Bar Parker<\/strong><\/p>\n<ul>\n<li>20:00 horas \u2013 Calle Mallorca<\/li>\n<li>Actuaciones: Al Son de la Navidad<\/li>\n<\/ul>\n<p><strong>Colegio Las Esclavas<\/strong><\/p>\n<ul>\n<li>20:00 horas \u2013 Calle Sant\u00edsima Trinidad, 6<\/li>\n<li>Actuaciones: Ni\u00f1o de la Fragua, Grupo de Vicenta G\u00e1lvez<\/li>\n<li>Donativo de un euro y un kilo de alimentos<\/li>\n<\/ul>\n<p><strong>Tabanco Cruz Vieja<\/strong><\/p>\n<ul>\n<li>21:30 horas \u2013 Calle Barja, 16<\/li>\n<\/ul>\n<p><strong>La Palapa<\/strong><\/p>\n<ul>\n<li>22:00 horas \u2013 Avenida Lola Flores<\/li>\n<li>Actuaciones: Tres con Son<\/li>\n<\/ul>\n<p><strong>Damajuana<\/strong><\/p>\n<ul>\n<li>22:00 horas \u2013 Calle Francos, 18<\/li>\n<li>Actuaciones: No tengo el madro\u00f1o pa polvorones<\/li>\n<\/ul>\n<p><strong>Plaza Canterbury <\/strong><\/p>\n<ul>\n<li>23:00 horas \u2013 Calle Nu\u00f1o de Ca\u00f1a<\/li>\n<li>Actuaciones: Se dan Clases de Zambomba<\/li>\n<\/ul>\n<p><strong>Restaurante Tendido 6<\/strong><\/p>\n<ul>\n<li>23:30 horas \u2013 Calle Circo, 12 \u2013 14<\/li>\n<li>Actuaciones: Coro de la Abuela Mar\u00eda<\/li>\n<\/ul>\n<p><strong>Kapote <\/strong><\/p>\n<ul>\n<li>23:30 horas \u2013 Avenida Alcalde \u00c1lvaro Domecq, 13<\/li>\n<li>Actuaciones: D Caramelo<\/li>\n<\/ul>\n<p><strong>Tribbeca<\/strong><\/p>\n<ul>\n<li>00:00 horas \u2013 Avenida Alcalde \u00c1lvaro Domecq, 13<\/li>\n<li>Actuaciones: Musho Gitano<\/li>\n<\/ul>\n<h2 id=\"1d\">S\u00e1bado 1 de diciembre<\/h2>\n<p><strong>Afamedis<\/strong><\/p>\n<ul>\n<li>13:00 horas \u2013 Bodega Do\u00f1a Mar\u00eda (Plaza del Cubo)<\/li>\n<li>Actuaciones: Sobre Tablas, Se dan Clases de Zambomba, Coro de la Abuela Mar\u00eda<\/li>\n<\/ul>\n<p><strong>Grupo Scout San Jos\u00e9<\/strong><\/p>\n<ul>\n<li>13:00 horas \u2013 Colegio La Salle San Jos\u00e9 (Calle Porvera)<\/li>\n<\/ul>\n<p><strong>Madre Coraje<\/strong><\/p>\n<ul>\n<li>13:30 horas \u2013 Asador Jerez (Caulina)<\/li>\n<li>Precio: 20 euros (almuerzo m\u00e1s zambomba)<\/li>\n<\/ul>\n<p><strong>Freidor El Anticuario<\/strong><\/p>\n<ul>\n<li>14:00 horas \u2013 Calle Amberes<\/li>\n<li>Actuaciones: Coro de La Granja, Al Son de la Navidad<\/li>\n<\/ul>\n<p><strong>Bar 2J<\/strong><\/p>\n<ul>\n<li>14:00 horas \u2013 Plaza Fragua<\/li>\n<li>Actuaciones: Samuel de la Canana y David Heredia<\/li>\n<\/ul>\n<p><strong>El Albazano Real<\/strong><\/p>\n<ul>\n<li>14:00 horas \u2013 Avenida de Espera<\/li>\n<li>Actuaciones: Coro de la Pe\u00f1a Rociera La Trasera<\/li>\n<\/ul>\n<p><strong>Hermandades de La Lanzada y la Paz de F\u00e1tima<\/strong><\/p>\n<ul>\n<li>14:00 horas \u2013 Plaza de la Asunci\u00f3n<\/li>\n<li>Actuaciones: Coro rociero Romero Verde<\/li>\n<\/ul>\n<p><strong>Kiosco del Retiro<\/strong><\/p>\n<ul>\n<li>14:00 horas \u2013 Parque del Retiro<\/li>\n<li>Actuaciones: Amigos de la M\u00fasica<\/li>\n<\/ul>\n<p><strong>Tabankino<\/strong><\/p>\n<ul>\n<li>14:00 horas \u2013 Calle \u00cddolos, 15<\/li>\n<li>Actuaciones: Coro Los Finales<\/li>\n<\/ul>\n<p><strong>Hermandad del Cristo<\/strong><\/p>\n<ul>\n<li>14:00 horas \u2013 Bodegas Fundador (Cuesta del Esp\u00edritu Santo)<\/li>\n<li>Actuaciones: Coro de la Hermandad, Pe\u00f1a Los Cern\u00edcalos, Pe\u00f1a La Buler\u00eda, Ni\u00f1o de la Fragua, Coro de la Abuela Mar\u00eda, Sabor a la Plazuela<\/li>\n<\/ul>\n<p><strong>Hermandad de Santa Marta<\/strong><\/p>\n<ul>\n<li>14:00 horas \u2013 Plaza de San Mateo<\/li>\n<li>Actuaciones: Coro Los Finales<\/li>\n<\/ul>\n<p><strong>Hermandad de los Jud\u00edos<\/strong><\/p>\n<ul>\n<li>14:00 horas \u2013 Plaza de San Mateo<\/li>\n<\/ul>\n<p><strong>Hermandad del Nazareno<\/strong><\/p>\n<ul>\n<li>14:00 horas \u2013 Alameda Cristina<\/li>\n<\/ul>\n<p><strong>Hermandad de las Tres Ca\u00eddas<\/strong><\/p>\n<ul>\n<li>14:00 horas \u2013 Plaza San Lucas<\/li>\n<\/ul>\n<p><strong>Hermandad de la Candelaria<\/strong><\/p>\n<ul>\n<li>14:00 horas \u2013 Calle Lealas<\/li>\n<\/ul>\n<p><strong>Hermandad de la Soledad<\/strong><\/p>\n<ul>14:00 horas \u2013 Iglesia de la Victoria (Calle Porvera)<\/ul>\n<p><strong>Pe\u00f1a Flamenca El Garbanzo<\/strong><\/p>\n<ul>\n<li>14:00 horas \u2013 AVV San Miguel (Ronda Muleros)<\/li>\n<li>Actuaciones: Grupo de la Pe\u00f1a, Del Rev\u00e9s, Familia Santiago,<\/li>\n<\/ul>\n<p><strong>Pe\u00f1a Rociera Los Pelotitos (Calle Carne)<\/strong><\/p>\n<ul>\n<li>14:00 horas \u2013 Calle Carne<\/li>\n<\/ul>\n<p><strong>Pe\u00f1a Flamenca Alba Neira<\/strong><\/p>\n<ul>\n<li>14:00 horas \u2013 Calle Tajo (Barriada La Pita)<\/li>\n<li>Actuaciones: Punto y Aparte (a partir de las 17:00 horas)<\/li>\n<\/ul>\n<p><strong>El Mercado de Bel\u00e9n<\/strong><\/p>\n<ul>\n<li>14:00 horas \u2013 Palacio del Virrey Laserna (Calle Santa Isabel, 12)<\/li>\n<\/ul>\n<p><strong>Hermandad de la Yedra<\/strong><\/p>\n<ul>\n<li>14:00 horas \u2013 Calle Empedrada<\/li>\n<\/ul>\n<p><strong>Pastora de San Dionisio<\/strong><\/p>\n<ul>\n<li>14:00 horas \u2013 Calle Francos, 16<\/li>\n<\/ul>\n<p><strong>Hermandad de la Exaltaci\u00f3n<\/strong><\/p>\n<ul>\n<li>14:00 horas \u2013 Plaza de la Vid<\/li>\n<li>Actuaciones: Coro de la Hermandad, Mar\u00eda H y su gente<\/li>\n<\/ul>\n<p><strong>Hermandad de la Coronaci\u00f3n<\/strong><\/p>\n<ul>\n<li>14:30 horas \u2013 Plaza de las Cocheras<\/li>\n<\/ul>\n<p><strong>Tabanco Cruz Vieja<\/strong><\/p>\n<ul>\n<li>14:30 horas \u2013 Calle Barja, 16<\/li>\n<\/ul>\n<p><strong>Hermandad del Santo Crucifijo<\/strong><\/p>\n<ul>\n<li>14:30 horas \u2013 Plaza de San Miguel<\/li>\n<\/ul>\n<p><strong>Bagueter\u00eda TBO<\/strong><\/p>\n<ul>\n<li>15:00 horas \u2013 Calle Oloroso<\/li>\n<\/ul>\n<p><strong>ACF Fernando Terremoto<\/strong><\/p>\n<ul>\n<li>15:00 horas \u2013 Calle Terremoto de Jerez<\/li>\n<\/ul>\n<p><strong>Restaurante Tendido 6<\/strong><\/p>\n<ul>\n<li>16:00 horas \u2013 Calle Circo, 12 \u2013 14<\/li>\n<li>Actuaciones: Grupo Caireles<\/li>\n<\/ul>\n<p><strong>Plaza Canterbury <\/strong><\/p>\n<ul>\n<li>17:00 horas \u2013 Calle Nu\u00f1o de Ca\u00f1a<\/li>\n<li>Actuaciones: Tres con Son, Najela<\/li>\n<\/ul>\n<p><strong>Casa Gabriela<\/strong><\/p>\n<ul>\n<li>17:00 horas \u2013 Plaza Plateros<\/li>\n<\/ul>\n<p><strong>Damajuana<\/strong><\/p>\n<ul>\n<li>17:00 horas \u2013 Calle Francos, 18<\/li>\n<li>Actuaciones: Alendoy, Isa Fern\u00e1ndez y Nati Palomo<\/li>\n<\/ul>\n<p><strong>Chicuelo Restaurante y Copas<\/strong><\/p>\n<ul>\n<li>17:00 horas \u2013 Calle San Pablo<\/li>\n<li>Actuaciones: Conkach\u00e9<\/li>\n<\/ul>\n<p><strong>Bar El Escondite<\/strong><\/p>\n<ul>\n<li>17:30 horas \u2013 Plaza del Progreso<\/li>\n<\/ul>\n<p><strong>Casa S\u00e1nchez<\/strong><\/p>\n<ul>\n<li>17:30 horas \u2013 Calle Circo, 4<\/li>\n<li>Actuaciones: Coro de la Abuela Mar\u00eda<\/li>\n<\/ul>\n<p><strong>Bereber<\/strong><\/p>\n<ul>\n<li>19:00 horas \u2013 Calle Cabezas, 10<\/li>\n<li>Actuaciones: Sobre Tablas, Manuel de Cantarote<\/li>\n<\/ul>\n<p><strong>Tabanco Las Cuadras<\/strong><\/p>\n<ul>\n<li>20:00 horas \u2013 Plaza de la Asunci\u00f3n<\/li>\n<li>Actuaciones: Luis de Perik\u00edn, Manuela de Perik\u00edn y Junkera<\/li>\n<\/ul>\n<p><strong>Las Tres Rejas<\/strong><\/p>\n<ul>\n<li>20:00 horas \u2013 Calle Porvenir<\/li>\n<\/ul>\n<p><strong>La Ludo<\/strong><\/p>\n<ul>\n<li>20:00 horas \u2013 Calle Las Palomas, 3<\/li>\n<li>Actuaciones: Pesca\u00edlla de Jerez<\/li>\n<\/ul>\n<p><strong>Hermandad del Transporte<\/strong><\/p>\n<ul>\n<li>20:30 horas \u2013 Calle Merced<\/li>\n<li>Actuaciones: Canela y Clavo<\/li>\n<\/ul>\n<p><strong>Asociaci\u00f3n de Vecinos La Marquesa<\/strong><\/p>\n<ul>\n<li>21:00 horas \u2013 Restaurante de Piscinas Jerez<\/li>\n<li>Actuaciones: Marian Jim\u00e9nez y su gente<\/li>\n<\/ul>\n<p><strong>Chiribitas<\/strong><\/p>\n<ul>\n<li>21:00 horas \u2013 Plaza Rafael Rivero<\/li>\n<\/ul>\n<p><strong>Tabanco Cruz Vieja<\/strong><\/p>\n<ul>\n<li>21:30 horas \u2013 Calle Barja, 16<\/li>\n<\/ul>\n<p><strong>Pe\u00f1a Flamenca El Pescaero<\/strong><\/p>\n<ul>\n<li>22:00 horas \u2013 Avenida de Arcos<\/li>\n<\/ul>\n<p><strong>Restaurante Tendido 6<\/strong><\/p>\n<ul>\n<li>23:30 horas \u2013 Calle Circo, 12 \u2013 14<\/li>\n<li>Actuaciones: Alendoy<\/li>\n<\/ul>\n<p><strong>Mados<\/strong><\/p>\n<ul>\n<li>23:30 horas \u2013 Avenida del Mediterr\u00e1neo<\/li>\n<li>Actuaciones: Luis de Perik\u00edn y familia<\/li>\n<\/ul>\n<h2 id=\"2d\">Domingo 2 de diciembre<\/h2>\n<p><strong>Asociaci\u00f3n Nuestro Padre Jes\u00fas de Nazaret<\/strong><\/p>\n<ul>\n<li>13:30 horas \u2013 Polideportivo de la Asunci\u00f3n<\/li>\n<li>Actuaciones: Coro de la asociaci\u00f3n<\/li>\n<\/ul>\n<p><strong>Tabanco Cruz Vieja<\/strong><\/p>\n<ul>\n<li>14:30 horas \u2013 Calle Barja, 16<\/li>\n<\/ul>\n<p><strong>Restaurante Tendido 6<\/strong><\/p>\n<ul>\n<li>16:00 horas \u2013 Calle Circo, 12 \u2013 14<\/li>\n<li>Actuaciones: Coro de la Abuela Mar\u00eda<\/li>\n<\/ul>\n<p><strong>Tribbeca<\/strong><\/p>\n<ul>\n<li>17:00 horas \u2013 Avenida Alcalde \u00c1lvaro Domecq, 13<\/li>\n<li>Actuaciones: Se dan Clases de Zambomba<\/li>\n<\/ul>\n<p><strong>Kapote <\/strong><\/p>\n<ul>\n<li>17:00 horas \u2013 Avenida Alcalde \u00c1lvaro Domecq, 13<\/li>\n<li>Actuaciones: Las Monicas<\/li>\n<\/ul>\n<p><strong>Planta Baja<\/strong><\/p>\n<ul>\n<li>19:00 horas \u2013 Avenida Amsterdam<\/li>\n<li>Actuaciones: Sobre Tablas<\/li>\n<\/ul>\n<h2 id=\"4d\">Martes 4 de diciembre<\/h2>\n<p><strong>Tabanco Cruz Vieja<\/strong><\/p>\n<ul>\n<li>21:30 horas \u2013 Calle Barja, 16<\/li>\n<\/ul>\n<h2 id=\"5d\">Mi\u00e9rcoles 5 de diciembre<\/h2>\n<p><strong>Tabanco Cruz Vieja<\/strong><\/p>\n<ul>\n<li>14:30 horas \u2013 Calle Barja, 16<\/li>\n<\/ul>\n<p><strong>Bar Andaluz<\/strong><\/p>\n<ul>\n<li>17:00 horas \u2013 Calle Quintos, 7<\/li>\n<\/ul>\n<p><strong>Bereber<\/strong><\/p>\n<ul>\n<li>19:00 horas \u2013 Calle Cabezas, 10<\/li>\n<li>Actuaciones: Luis de Perik\u00edn, A tu Vera<\/li>\n<\/ul>\n<p><strong>Tabanco Las Cuadras<\/strong><\/p>\n<ul>\n<li>19:00 horas \u2013 Plaza de la Asunci\u00f3n<\/li>\n<li>Actuaciones: Duende<\/li>\n<\/ul>\n<p><strong>Damajuana<\/strong><\/p>\n<ul>\n<li>21:00 horas \u2013 Calle Francos, 18<\/li>\n<li>Actuaciones: Se dan Clases de Zambomba<\/li>\n<\/ul>\n<p><strong>Plaza Canterbury <\/strong><\/p>\n<ul>\n<li>23:00 horas \u2013 Calle Nu\u00f1o de Ca\u00f1a<\/li>\n<li>Actuaciones: Familia Jim\u00e9nez<\/li>\n<\/ul>\n<p><strong>Restaurante Tendido 6<\/strong><\/p>\n<ul>\n<li>23:30 horas \u2013 Calle Circo, 12 \u2013 14<\/li>\n<li>Actuaciones: Grupo Pisadas<\/li>\n<\/ul>\n<p><strong>Tribbeca<\/strong><\/p>\n<ul>\n<li>00:00 horas \u2013 Avenida Alcalde \u00c1lvaro Domecq, 13<\/li>\n<li>Actuaciones: Al paso<\/li>\n<\/ul>\n<h2 id=\"6d\">Jueves 6 de diciembre<\/h2>\n<p><strong>Bar Juanito<\/strong><\/p>\n<ul>\n<li>A mediod\u00eda \u2013 Calle Pescader\u00eda Vieja<\/li>\n<\/ul>\n<p><strong>Hermandad del Loreto<\/strong><\/p>\n<ul>\n<li>13:00 horas \u2013 Calle Bizcocheros<\/li>\n<li>Actuaciones: Coro Los Finales, Son de Santiago, Pino Grande<\/li>\n<\/ul>\n<p><strong>Hermandad del Carmen<\/strong><\/p>\n<ul>\n<li>13:30 horas \u2013 Plaza del Carmen<\/li>\n<\/ul>\n<p><strong>Cafeter\u00eda Cervecer\u00eda De Diego<\/strong><\/p>\n<ul>\n<li>14:00 horas \u2013 Club Social Avenida de Arcos (Calle Loira)<\/li>\n<li>Actuaciones: Familia Perik\u00edn, Sinelando<\/li>\n<\/ul>\n<p><strong>El Mercado de Bel\u00e9n<\/strong><\/p>\n<ul>\n<li>14:00 horas \u2013 Palacio del Virrey Laserna (Calle Santa Isabel, 12)<\/li>\n<\/ul>\n<p><strong>Hermandad de la Yedra<\/strong><\/p>\n<ul>\n<li>14:00 horas \u2013 Calle Empedrada<\/li>\n<\/ul>\n<p><strong>Hermandad del Roc\u00edo<\/strong><\/p>\n<ul>\n<li>14:00 horas \u2013 Bodegas Fundador (Cuesta del Esp\u00edritu Santo)<\/li>\n<\/ul>\n<p><strong>Hermandad de las Tres Ca\u00eddas<\/strong><\/p>\n<ul>\n<li>14:00 horas \u2013 Plaza San Lucas<\/li>\n<\/ul>\n<p><strong>Pe\u00f1a La Buler\u00eda<\/strong><\/p>\n<ul>\n<li>14:00 horas \u2013 Calle Empedrada, 20<\/li>\n<li>Actuaciones: Cuadro de la Pe\u00f1a, Najela, Academia Carmen Herrera<\/li>\n<li>Entrada 1 kilo de alimentos hasta completar aforo<\/li>\n<\/ul>\n<p><strong>Pe\u00f1a Flamenca Alba Neira<\/strong><\/p>\n<ul>\n<li>14:00 horas \u2013 Calle Tajo (Barriada La Pita)<\/li>\n<li>Actuaciones: Flamenker\u00eda (a partir de las 21:00 horas)<\/li>\n<\/ul>\n<p><strong>T\u00fa como est\u00e1s \u2026 como est\u00e1s t\u00fa<\/strong><\/p>\n<ul>\n<li>14:00 horas \u2013 Barriada Los Naranjos<\/li>\n<\/ul>\n<p><strong>La Bodeguita Ib\u00e9rica<\/strong><\/p>\n<ul>\n<li>14:30 horas \u2013 Avenida Mart\u00edn Ferrador, 1<\/li>\n<\/ul>\n<p><strong>Tabanco Cruz Vieja<\/strong><\/p>\n<ul>\n<li>14:30 horas \u2013 Calle Barja, 16<\/li>\n<\/ul>\n<p><strong>The Bliss<\/strong><\/p>\n<ul>\n<li>15:30 horas \u2013 Avenida T\u00edo Pepe, 2<\/li>\n<li>Actuaciones: Flamenker\u00eda, Maloko, Diego Carrasco, Junior, La Flaka<\/li>\n<\/ul>\n<p><strong>Restaurante Tendido 6<\/strong><\/p>\n<ul>\n<li>16:00 horas \u2013 Calle Circo, 12 \u2013 14<\/li>\n<li>Actuaciones: Grupo Caireles<\/li>\n<\/ul>\n<p><strong>Tabanco Don Quixote<\/strong><\/p>\n<ul>\n<li>16:30 horas \u2013 Parque Atocha<\/li>\n<li>Actuaciones: Manu\u00e9 Pantoja, Mar\u00eda Mart\u00ednez, El Pesca\u00edlla<\/li>\n<\/ul>\n<p><strong>Plaza Canterbury <\/strong><\/p>\n<ul>\n<li>17:00 horas \u2013 Calle Nu\u00f1o de Ca\u00f1a<\/li>\n<li>Actuaciones: Candie, Alicia Jim\u00e9nez y Ram\u00f3n Trujillo<\/li>\n<\/ul>\n<p><strong>Damajuana<\/strong><\/p>\n<ul>\n<li>17:00 horas \u2013 Calle Francos, 18<\/li>\n<li>Actuaciones: Carmen Ortiz, Lele Leiva, \u00c1lvaro Valle y Manuel Vichi<\/li>\n<\/ul>\n<p><strong>Tribbeca<\/strong><\/p>\n<ul>\n<li>17:00 horas \u2013 Avenida Alcalde \u00c1lvaro Domecq, 13<\/li>\n<li>Actuaciones: Grupo Duende<\/li>\n<\/ul>\n<p><strong>Kapote <\/strong><\/p>\n<ul>\n<li>17:00 horas \u2013 Avenida Alcalde \u00c1lvaro Domecq, 13<\/li>\n<li>Actuaciones: Sonkale<\/li>\n<\/ul>\n<p><strong>Casa S\u00e1nchez<\/strong><\/p>\n<ul>\n<li>17:30 horas \u2013 Calle Circo, 4<\/li>\n<li>Actuaciones: Coro de la Abuela Mar\u00eda<\/li>\n<\/ul>\n<p><strong>Tabanco Las Cuadras<\/strong><\/p>\n<ul>\n<li>19:00 horas \u2013 Plaza de la Asunci\u00f3n<\/li>\n<li>Actuaciones: Sobre Tablas<\/li>\n<\/ul>\n<p><strong>Humildad de Barbadillo<\/strong><\/p>\n<ul>\n<li>20:00 horas \u2013 Cervecer\u00eda Reguera (Camino de Albadalejo)<\/li>\n<\/ul>\n<p><strong>Tabanco Cruz Vieja<\/strong><\/p>\n<ul>\n<li>21:30 horas \u2013 Calle Barja, 16<\/li>\n<\/ul>\n<h2 id=\"7d\">Viernes 7 de diciembre<\/h2>\n<p><strong>Sherry Tour<\/strong><\/p>\n<ul>\n<li>13:00 horas \u2013 Bodegas Pajarete (Calle Pajarete)<\/li>\n<li>Actuaciones: Voces de nuestro Barrio, Duende, Familia de La Jeroma, Familia Carpio, Cosa de Dos<\/li>\n<\/ul>\n<p><strong>Cervecer\u00eda La Jarrita<\/strong><\/p>\n<ul>\n<li>14:00 horas \u2013 Plaza Actor Antonio Pica Serrano<\/li>\n<\/ul>\n<p><strong>Hermandad de la Redenci\u00f3n<\/strong><\/p>\n<ul>\n<li>14:00 horas \u2013 Plaza Bel\u00e9n<\/li>\n<li>Actuaciones: Son del Aire, Gloria Bendita, R\u00e1beta<\/li>\n<\/ul>\n<p><strong>El Mercado de Bel\u00e9n<\/strong><\/p>\n<ul>\n<li>14:00 horas \u2013 Palacio del Virrey Laserna (Calle Santa Isabel, 12)<\/li>\n<\/ul>\n<p><strong>El Picoteo<\/strong><\/p>\n<ul>\n<li>14:00 horas \u2013 Calle Sevilla, 42<\/li>\n<li>Actuaciones: Coro de la Plata<\/li>\n<\/ul>\n<p><strong>Pe\u00f1a Flamenca Alba Neira<\/strong><\/p>\n<ul>\n<li>14:00 horas \u2013 Calle Tajo (Barriada La Pita)<\/li>\n<li>Actuaciones: Mar\u00eda con H, Nerea Soto y su gente (a partir de las 21:00 horas)<\/li>\n<\/ul>\n<p><strong>La Terraza del Bosque<\/strong><\/p>\n<ul>\n<li>14:00 horas \u2013 Edificio Cedrus (Avenida del Ej\u00e9rcito)<\/li>\n<li>Actuaciones: Mar\u00eda Mart\u00ednez, Manuel Pantoja y Ram\u00f3n Trujillo<\/li>\n<\/ul>\n<p><strong>Tabanco Cruz Vieja<\/strong><\/p>\n<ul>\n<li>14:30 horas \u2013 Calle Barja, 16<\/li>\n<\/ul>\n<p><strong>Restaurante Tendido 6<\/strong><\/p>\n<ul>\n<li>16:00 horas \u2013 Calle Circo, 12 \u2013 14<\/li>\n<li>Actuaciones: Alendoy<\/li>\n<\/ul>\n<p><strong>Damajuana<\/strong><\/p>\n<ul>\n<li>17:00 horas \u2013 Calle Francos, 18<\/li>\n<li>Actuaciones: Coro de la Abuela Mar\u00eda, Flamenquer\u00eda<\/li>\n<\/ul>\n<p><strong>Hermandad de Bondad y Misericordia<\/strong><\/p>\n<ul>\n<li>17:30 horas \u2013 Los Establos (Calle Carne)<\/li>\n<li>Actuaciones: Canela y Clavo, Manuel de Cantarote, Coro de la Abuela Mar\u00eda, Sobre Tablas<\/li>\n<\/ul>\n<p><strong>Casa S\u00e1nchez<\/strong><\/p>\n<ul>\n<li>17:30 horas \u2013 Calle Circo, 4<\/li>\n<li>Actuaciones: Roc\u00edo Parrilla y familia<\/li>\n<\/ul>\n<p><strong>Bereber<\/strong><\/p>\n<ul>\n<li>19:00 horas \u2013 Calle Cabezas, 10<\/li>\n<li>Actuaciones: Luis de Perik\u00edn, Duende<\/li>\n<\/ul>\n<p><strong>Cafeter\u00eda Avalon<\/strong><\/p>\n<ul>\n<li>19:00 horas \u2013 Calle Caracuel<\/li>\n<li>Actuaciones: Bord\u00f3n y Prima<\/li>\n<\/ul>\n<p><strong>Tabanco Las Cuadras<\/strong><\/p>\n<ul>\n<li>19:00 horas \u2013 Plaza de la Asunci\u00f3n<\/li>\n<li>Actuaciones: Luis de Perik\u00edn, Junkera y Junkerita<\/li>\n<\/ul>\n<p><strong>Tabanco Cruz Vieja<\/strong><\/p>\n<ul>\n<li>21:30 horas \u2013 Calle Barja, 16<\/li>\n<\/ul>\n<p><strong>Plaza Canterbury <\/strong><\/p>\n<ul>\n<li>23:00 horas \u2013 Calle Nu\u00f1o de Ca\u00f1a<\/li>\n<li>Actuaciones: Najela<\/li>\n<\/ul>\n<p><strong>Restaurante Tendido 6<\/strong><\/p>\n<ul>\n<li>23:30 horas \u2013 Calle Circo, 12 \u2013 14<\/li>\n<li>Actuaciones: Coro de la Abuela Ana<\/li>\n<\/ul>\n<p><strong>Kapote <\/strong><\/p>\n<ul>\n<li>23:30 horas \u2013 Avenida Alcalde \u00c1lvaro Domecq, 13<\/li>\n<li>Actuaciones: Mar\u00eda y Tomasa Santiago<\/li>\n<\/ul>\n<p><strong>Tribbeca<\/strong><\/p>\n<ul>\n<li>00:00 horas \u2013 Avenida Alcalde \u00c1lvaro Domecq, 13<\/li>\n<li>Actuaciones: Flamenker\u00eda<\/li>\n<\/ul>\n<h2 id=\"8d\">S\u00e1bado 8 de diciembre<\/h2>\n<p><strong>Hermandad del Perd\u00f3n<\/strong><\/p>\n<ul>\n<li>13:00 horas \u2013 Parque Ermita de Gu\u00eda<\/li>\n<li>Actuaciones: Grupo Alba<\/li>\n<\/ul>\n<p><strong>Hermandad de las Angustias<\/strong><\/p>\n<ul>\n<li>13:30 horas \u2013 Plaza de las Angustias<\/li>\n<\/ul>\n<p><strong>Asociaci\u00f3n Juvenil Futuro Abierto<\/strong><\/p>\n<ul>\n<li>14:00 horas \u2013 Plaza Bel\u00e9n<\/li>\n<\/ul>\n<p><strong>Bar Entrevinos<\/strong><\/p>\n<ul>\n<li>14:00 horas \u2013 Calle Jos\u00e9 C\u00e1diz Salvatierra, 3<\/li>\n<li>Actuaciones: Coro de la Abuela Mar\u00eda<\/li>\n<\/ul>\n<p><strong>Pe\u00f1a El Kiosco<\/strong><\/p>\n<ul>\n<li>14:00 horas \u2013 Sal\u00f3n Do\u00f1a Mar\u00eda (Plaza del Cubo)<\/li>\n<li>Actuaciones: Voces de Nuestro Barrio, Flamenker\u00eda, Duende, Sobre Tablas, Los Viandantes<\/li>\n<\/ul>\n<p><strong>Hermandad de la Borriquita<\/strong><\/p>\n<ul>\n<li>14:00 horas \u2013 Escuela de San Jos\u00e9 (Calle Porvera)<\/li>\n<\/ul>\n<p><strong>El Mercado de Bel\u00e9n<\/strong><\/p>\n<ul>\n<li>14:00 horas \u2013 Palacio del Virrey Laserna (Calle Santa Isabel, 12)<\/li>\n<\/ul>\n<p><strong>Pe\u00f1a Colchonera<\/strong><\/p>\n<ul>\n<li>14:00 horas \u2013 Calle Cruz Vieja<\/li>\n<\/ul>\n<p><strong>Pe\u00f1a Flamenca Alba Neira<\/strong><\/p>\n<ul>\n<li>14:00 horas \u2013 Calle Tajo (Barriada La Pita)<\/li>\n<li>Actuaciones: Coro de la Abuela Mar\u00eda (a partir de las 21:00 horas)<\/li>\n<\/ul>\n<p><strong>Club Social Puertas del Sur<\/strong><\/p>\n<ul>\n<li>14:00 horas \u2013 Avenida Puertas del Sur<\/li>\n<\/ul>\n<p><strong>Pe\u00f1a Rociera Los Jartibles<\/strong><\/p>\n<ul>\n<li>14:00 horas \u2013 Colegio de Adultos El Aljibe (Ronda Muleros)<\/li>\n<\/ul>\n<p><strong>Tabanco Cruz Vieja<\/strong><\/p>\n<ul>\n<li>14:30 horas \u2013 Calle Barja, 16<\/li>\n<\/ul>\n<p><strong>Pe\u00f1a rociera El Viejo Simpecao<\/strong><\/p>\n<ul>\n<li>14:30 horas \u2013 Ronda del Pelir\u00f3n<\/li>\n<\/ul>\n<p><strong>ACG Arco de Santiago<\/strong><\/p>\n<ul>\n<li>15:00 horas \u2013 Calle Mora\u00edto Chico<\/li>\n<\/ul>\n<p><strong>Restaurante Tendido 6<\/strong><\/p>\n<ul>\n<li>16:00 horas \u2013 Calle Circo, 12 \u2013 14<\/li>\n<li>Actuaciones: Torran y su grupo<\/li>\n<\/ul>\n<p><strong>Plaza Canterbury <\/strong><\/p>\n<ul>\n<li>17:00 horas \u2013 Calle Nu\u00f1o de Ca\u00f1a<\/li>\n<li>Actuaciones: Conkach\u00e9<\/li>\n<\/ul>\n<p><strong>Casa Gabriela<\/strong><\/p>\n<ul>\n<li>17:00 horas \u2013 Plaza Plateros<\/li>\n<\/ul>\n<p><strong>Damajuana<\/strong><\/p>\n<ul>\n<li>17:00 horas \u2013 Calle Francos, 18<\/li>\n<li>Actuaciones: Sonkal\u00e9, Roc\u00edo Parrilla y su grupo<\/li>\n<\/ul>\n<p><strong>Casa S\u00e1nchez<\/strong><\/p>\n<ul>\n<li>17:30 horas \u2013 Calle Circo, 4<\/li>\n<li>Actuaciones: Pe\u00f1a El B\u00facaro<\/li>\n<\/ul>\n<p><strong>Bereber<\/strong><\/p>\n<ul>\n<li>19:00 horas \u2013 Calle Cabezas, 10<\/li>\n<li>Actuaciones: Zarzanas, Sobre Tablas<\/li>\n<\/ul>\n<p><strong>Tabanco Las Cuadras<\/strong><\/p>\n<ul>\n<li>19:00 horas \u2013 Plaza de la Asunci\u00f3n<\/li>\n<li>Actuaciones: Se dan Clases de Zambomba<\/li>\n<\/ul>\n<p><strong>40 aniversario de la Pe\u00f1a La Buena Gente<\/strong><\/p>\n<ul>\n<li>20:30 horas \u2013 Teatro Villamarta<\/li>\n<li>Actuaciones: varios artistas<\/li>\n<\/ul>\n<p><strong>Hermandad del Amor<\/strong><\/p>\n<ul>\n<li>21:00 horas \u2013 Calle San Juan<\/li>\n<\/ul>\n<p><strong>Tabanco Cruz Vieja<\/strong><\/p>\n<ul>\n<li>21:30 horas \u2013 Calle Barja, 16<\/li>\n<\/ul>\n<p><strong>Restaurante Tendido 6<\/strong><\/p>\n<ul>\n<li>23:30 horas \u2013 Calle Circo, 12 \u2013 14<\/li>\n<li>Actuaciones: Grupo Duende<\/li>\n<\/ul>\n<h2 id=\"9d\">Domingo 9 de diciembre<\/h2>\n<p><strong>Asociaci\u00f3n de Mujeres Mastectomizadas<\/strong><\/p>\n<ul>\n<li style=\"list-style-type: none;\">\n<ul>\n<li>14:30 horas \u2013 Restaurante La Armadura (Avenida de La Granja)<\/li>\n<li>Actuaciones: Coro La Plata<\/li>\n<\/ul>\n<\/li>\n<\/ul>\n<p><strong>Tabanco Cruz Vieja<\/strong><\/p>\n<ul>\n<li style=\"list-style-type: none;\">\n<ul>\n<li style=\"list-style-type: none;\">\n<ul>\n<li>14:30 horas \u2013 Calle Barja, 16<\/li>\n<\/ul>\n<\/li>\n<\/ul>\n<\/li>\n<\/ul>\n<p><strong>Restaurante Tendido 6<\/strong><\/p>\n<ul>\n<li style=\"list-style-type: none;\">\n<ul>\n<li style=\"list-style-type: none;\">\n<ul>\n<li>16:00 horas \u2013 Calle Circo, 12 \u2013 14<\/li>\n<li>Actuaciones: Coro de la Abuela Mar\u00eda<\/li>\n<\/ul>\n<\/li>\n<\/ul>\n<\/li>\n<\/ul>\n<p><strong>Kapote <\/strong><\/p>\n<ul>\n<li style=\"list-style-type: none;\">\n<ul>\n<li style=\"list-style-type: none;\">\n<ul>\n<li>17:00 horas \u2013 Avenida Alcalde \u00c1lvaro Domecq, 13<\/li>\n<li>Actuaciones: Se dan Clases de Zambomba<\/li>\n<\/ul>\n<\/li>\n<\/ul>\n<\/li>\n<\/ul>\n<p><strong>Tribbeca<\/strong><\/p>\n<ul>\n<li style=\"list-style-type: none;\">\n<ul>\n<li style=\"list-style-type: none;\">\n<ul>\n<li>17:00 horas \u2013 Avenida Alcalde \u00c1lvaro Domecq, 13<\/li>\n<li>Actuaciones: Najela<\/li>\n<\/ul>\n<\/li>\n<\/ul>\n<\/li>\n<\/ul>\n<p><strong>Planta Baja<\/strong><\/p>\n<ul>\n<li style=\"list-style-type: none;\">\n<ul>\n<li style=\"list-style-type: none;\">\n<ul>\n<li>19:00 horas \u2013 Avenida Amsterdam<\/li>\n<li>Actuaciones: Duende<\/li>\n<\/ul>\n<\/li>\n<\/ul>\n<\/li>\n<\/ul>\n<h2 id=\"11d\">Martes 11 de diciembre<\/h2>\n<p><strong>Tabanco Cruz Vieja<\/strong><\/p>\n<ul>\n<li style=\"list-style-type: none;\">\n<ul>\n<li style=\"list-style-type: none;\">\n<ul>\n<li>21:30 horas \u2013 Calle Barja, 16<\/li>\n<\/ul>\n<\/li>\n<\/ul>\n<\/li>\n<\/ul>\n<h2 id=\"12d\">Mi\u00e9rcoles 12 de diciembre<\/h2>\n<p><strong>Tabanco Cruz Vieja<\/strong><\/p>\n<ul>\n<li style=\"list-style-type: none;\">\n<ul>\n<li style=\"list-style-type: none;\">\n<ul>\n<li>21:30 horas \u2013 Calle Barja, 16<\/li>\n<\/ul>\n<\/li>\n<\/ul>\n<\/li>\n<\/ul>\n<h2 id=\"13d\">Jueves 13 de diciembre<\/h2>\n<p><strong>Tabanco Las Cuadras<\/strong><\/p>\n<ul>\n<li style=\"list-style-type: none;\">\n<ul>\n<li style=\"list-style-type: none;\">\n<ul>\n<li>19:00 horas \u2013 Plaza de la Asunci\u00f3n<\/li>\n<li>Actuaciones: Flamenker\u00eda<\/li>\n<\/ul>\n<\/li>\n<\/ul>\n<\/li>\n<\/ul>\n<p><strong>Tabanco Cruz Vieja<\/strong><\/p>\n<ul>\n<li style=\"list-style-type: none;\">\n<ul>\n<li style=\"list-style-type: none;\">\n<ul>\n<li>21:30 horas \u2013 Calle Barja, 16<\/li>\n<\/ul>\n<\/li>\n<\/ul>\n<\/li>\n<\/ul>\n<h2 id=\"14d\">Viernes 14 de diciembre<\/h2>\n<p><strong>El Mercado de Bel\u00e9n<\/strong><\/p>\n<ul>\n<li style=\"list-style-type: none;\">\n<ul>\n<li style=\"list-style-type: none;\">\n<ul>\n<li>14:00 horas \u2013 Palacio del Virrey Laserna (Calle Santa Isabel, 12)<\/li>\n<\/ul>\n<\/li>\n<\/ul>\n<\/li>\n<\/ul>\n<p><strong>Tabanco Cruz Vieja<\/strong><\/p>\n<ul>\n<li style=\"list-style-type: none;\">\n<ul>\n<li style=\"list-style-type: none;\">\n<ul>\n<li>14:30 horas \u2013 Calle Barja, 16<\/li>\n<\/ul>\n<\/li>\n<\/ul>\n<\/li>\n<\/ul>\n<p><strong>Restaurante Tendido 6<\/strong><\/p>\n<ul>\n<li style=\"list-style-type: none;\">\n<ul>\n<li style=\"list-style-type: none;\">\n<ul>\n<li>16:00 horas \u2013 Calle Circo, 12 \u2013 14<\/li>\n<li>Actuaciones: Torran y su grupo<\/li>\n<\/ul>\n<\/li>\n<\/ul>\n<\/li>\n<\/ul>\n<p><strong>Damajuana<\/strong><\/p>\n<ul>\n<li style=\"list-style-type: none;\">\n<ul>\n<li style=\"list-style-type: none;\">\n<ul>\n<li>17:00 horas \u2013 Calle Francos, 18<\/li>\n<li>Actuaciones: Coro de la Abuela Mar\u00eda, Los Viandantes<\/li>\n<\/ul>\n<\/li>\n<\/ul>\n<\/li>\n<\/ul>\n<p><strong>Casa S\u00e1nchez<\/strong><\/p>\n<ul>\n<li style=\"list-style-type: none;\">\n<ul>\n<li style=\"list-style-type: none;\">\n<ul>\n<li>17:30 horas \u2013 Calle Circo, 4<\/li>\n<li>Actuaciones: Se dan Clases de Zambomba<\/li>\n<\/ul>\n<\/li>\n<\/ul>\n<\/li>\n<\/ul>\n<p><strong>Bereber<\/strong><\/p>\n<ul>\n<li style=\"list-style-type: none;\">\n<ul>\n<li style=\"list-style-type: none;\">\n<ul>\n<li>19:00 horas \u2013 Calle Cabezas, 10<\/li>\n<li>Actuaciones: Luis de Perik\u00edn, Sobre Tablas, A tu Vera<\/li>\n<\/ul>\n<\/li>\n<\/ul>\n<\/li>\n<\/ul>\n<p><strong>Tabanco Las Cuadras<\/strong><\/p>\n<ul>\n<li style=\"list-style-type: none;\">\n<ul>\n<li style=\"list-style-type: none;\">\n<ul>\n<li>19:00 horas \u2013 Plaza de la Asunci\u00f3n<\/li>\n<li>Actuaciones: Luis de Perik\u00edn, Junkerita y Manuela Parrilla<\/li>\n<\/ul>\n<\/li>\n<\/ul>\n<\/li>\n<\/ul>\n<p><strong>Tabanco Cruz Vieja<\/strong><\/p>\n<ul>\n<li style=\"list-style-type: none;\">\n<ul>\n<li style=\"list-style-type: none;\">\n<ul>\n<li>21:30 horas \u2013 Calle Barja, 16<\/li>\n<\/ul>\n<\/li>\n<\/ul>\n<\/li>\n<\/ul>\n<p><strong>Plaza Canterbury <\/strong><\/p>\n<ul>\n<li style=\"list-style-type: none;\">\n<ul>\n<li style=\"list-style-type: none;\">\n<ul>\n<li>23:00 horas \u2013 Calle Nu\u00f1o de Ca\u00f1a<\/li>\n<li>Actuaciones: Se den Clases de Zambomba<\/li>\n<\/ul>\n<\/li>\n<\/ul>\n<\/li>\n<\/ul>\n<p><strong>Restaurante Tendido 6<\/strong><\/p>\n<ul>\n<li style=\"list-style-type: none;\">\n<ul>\n<li style=\"list-style-type: none;\">\n<ul>\n<li>23:30 horas \u2013 Calle Circo, 12 \u2013 14<\/li>\n<li>Actuaciones: Grupo Caireles<\/li>\n<\/ul>\n<\/li>\n<\/ul>\n<\/li>\n<\/ul>\n<p><strong>Kapote <\/strong><\/p>\n<ul>\n<li style=\"list-style-type: none;\">\n<ul>\n<li style=\"list-style-type: none;\">\n<ul>\n<li>23:30 horas \u2013 Avenida Alcalde \u00c1lvaro Domecq, 13<\/li>\n<li>Actuaciones: Roberto Osorno<\/li>\n<\/ul>\n<\/li>\n<\/ul>\n<\/li>\n<\/ul>\n<p><strong>Tribbeca<\/strong><\/p>\n<ul>\n<li style=\"list-style-type: none;\">\n<ul>\n<li style=\"list-style-type: none;\">\n<ul>\n<li>00:00 horas \u2013 Avenida Alcalde \u00c1lvaro Domecq, 13<\/li>\n<li>Actuaciones: Cambio de Tercio<\/li>\n<\/ul>\n<\/li>\n<\/ul>\n<\/li>\n<\/ul>\n<h2 id=\"15d\">S\u00e1bado 15 de diciembre<\/h2>\n<p><strong>CCF Don Antonio Chac\u00f3n<\/strong><\/p>\n<ul>\n<li style=\"list-style-type: none;\">\n<ul>\n<li style=\"list-style-type: none;\">\n<ul>\n<li>13:30 horas \u2013 Calle Salas, 2<\/li>\n<\/ul>\n<\/li>\n<\/ul>\n<\/li>\n<\/ul>\n<p><strong>Asociaci\u00f3n Juvenil Main 2018<\/strong><\/p>\n<ul>\n<li style=\"list-style-type: none;\">\n<ul>\n<li style=\"list-style-type: none;\">\n<ul>\n<li>13:30 horas \u2013 Colegio Mar\u00eda Auxiliadora (Montealto)<\/li>\n<li>Actuaciones: Al Son del Sop\u00f3n, Al Paso<\/li>\n<\/ul>\n<\/li>\n<\/ul>\n<\/li>\n<\/ul>\n<p><strong>Hermandad del Consuelo del Pelir\u00f3n<\/strong><\/p>\n<ul>\n<li style=\"list-style-type: none;\">\n<ul>\n<li style=\"list-style-type: none;\">\n<ul>\n<li>13:00 horas \u2013 La Bodeguilla (Calle Zarza)<\/li>\n<li>Actuaciones: Grupo Esencia<\/li>\n<\/ul>\n<\/li>\n<\/ul>\n<\/li>\n<\/ul>\n<p><strong>Hermandad de la Sed<\/strong><\/p>\n<ul>\n<li style=\"list-style-type: none;\">\n<ul>\n<li style=\"list-style-type: none;\">\n<ul>\n<li>13:30 horas \u2013 Parroquia de San Juan Grande y Nuestra Se\u00f1ora de la Candelaria<\/li>\n<\/ul>\n<\/li>\n<\/ul>\n<\/li>\n<\/ul>\n<p><strong>Pe\u00f1a Flamenca Alba Neira<\/strong><\/p>\n<ul>\n<li style=\"list-style-type: none;\">\n<ul>\n<li style=\"list-style-type: none;\">\n<ul>\n<li>14:00 horas \u2013 Calle Tajo (Barriada La Pita)<\/li>\n<li>Actuaciones: Manuel de la Momi (a partir de las 17:00 horas)<\/li>\n<\/ul>\n<\/li>\n<\/ul>\n<\/li>\n<\/ul>\n<p><strong>El Mercado de Bel\u00e9n<\/strong><\/p>\n<ul>\n<li style=\"list-style-type: none;\">\n<ul>\n<li style=\"list-style-type: none;\">\n<ul>\n<li>14:00 horas \u2013 Palacio del Virrey Laserna (Calle Santa Isabel, 12)<\/li>\n<\/ul>\n<\/li>\n<\/ul>\n<\/li>\n<\/ul>\n<p><strong>ACF Luis de la Pica<\/strong><\/p>\n<ul>\n<li style=\"list-style-type: none;\">\n<ul>\n<li style=\"list-style-type: none;\">\n<ul>\n<li>14:00 horas \u2013 Calle Carpinteros<\/li>\n<\/ul>\n<\/li>\n<\/ul>\n<\/li>\n<\/ul>\n<p><strong>Pe\u00f1a Flamenca Buena Gente<\/strong><\/p>\n<ul>\n<li style=\"list-style-type: none;\">\n<ul>\n<li style=\"list-style-type: none;\">\n<ul>\n<li>14:00 horas \u2013 Bodegas Fundador (Cuesta del Esp\u00edritu Santo)<\/li>\n<\/ul>\n<\/li>\n<\/ul>\n<\/li>\n<\/ul>\n<p><strong>La Bodeguita Ib\u00e9rica<\/strong><\/p>\n<ul>\n<li style=\"list-style-type: none;\">\n<ul>\n<li style=\"list-style-type: none;\">\n<ul>\n<li>14:30 horas \u2013 Avenida Mart\u00edn Ferrador, 1<\/li>\n<\/ul>\n<\/li>\n<\/ul>\n<\/li>\n<\/ul>\n<p><strong>Tabanco Cruz Vieja<\/strong><\/p>\n<ul>\n<li style=\"list-style-type: none;\">\n<ul>\n<li style=\"list-style-type: none;\">\n<ul>\n<li>14:30 horas \u2013 Calle Barja, 16<\/li>\n<\/ul>\n<\/li>\n<\/ul>\n<\/li>\n<\/ul>\n<p><strong>Instituto Andaluz de Flamenco<\/strong><\/p>\n<ul>\n<li style=\"list-style-type: none;\">\n<ul>\n<li style=\"list-style-type: none;\">\n<ul>\n<li>14:30 horas \u2013 Museos de la Atalaya<\/li>\n<\/ul>\n<\/li>\n<\/ul>\n<\/li>\n<\/ul>\n<p><strong>Pastora de San Dionisio<\/strong><\/p>\n<ul>\n<li style=\"list-style-type: none;\">\n<ul>\n<li style=\"list-style-type: none;\">\n<ul>\n<li>15:00 horas \u2013 Calle Francos<\/li>\n<\/ul>\n<\/li>\n<\/ul>\n<\/li>\n<\/ul>\n<p><strong>Restaurante Tendido 6<\/strong><\/p>\n<ul>\n<li style=\"list-style-type: none;\">\n<ul>\n<li style=\"list-style-type: none;\">\n<ul>\n<li>16:00 horas \u2013 Calle Circo, 12 \u2013 14<\/li>\n<li>Actuaciones: Coro de la Abuela Mar\u00eda<\/li>\n<\/ul>\n<\/li>\n<\/ul>\n<\/li>\n<\/ul>\n<p><strong>Plaza Canterbury <\/strong><\/p>\n<ul>\n<li style=\"list-style-type: none;\">\n<ul>\n<li style=\"list-style-type: none;\">\n<ul>\n<li>17:00 horas \u2013 Calle Nu\u00f1o de Ca\u00f1a<\/li>\n<li>Actuaciones: Tres con Son, Familia Jim\u00e9nez<\/li>\n<\/ul>\n<\/li>\n<\/ul>\n<\/li>\n<\/ul>\n<p><strong>Damajuana<\/strong><\/p>\n<ul>\n<li style=\"list-style-type: none;\">\n<ul>\n<li style=\"list-style-type: none;\">\n<ul>\n<li>17:00 horas \u2013 Calle Francos, 18<\/li>\n<li>Actuaciones: Sonkal\u00e9, Se dan Clases de Zambomba<\/li>\n<\/ul>\n<\/li>\n<\/ul>\n<\/li>\n<\/ul>\n<p><strong>Casa Gabriela<\/strong><\/p>\n<ul>\n<li style=\"list-style-type: none;\">\n<ul>\n<li style=\"list-style-type: none;\">\n<ul>\n<li>17:00 horas \u2013 Plaza Plateros<\/li>\n<\/ul>\n<\/li>\n<\/ul>\n<\/li>\n<\/ul>\n<p><strong>Casa S\u00e1nchez<\/strong><\/p>\n<ul>\n<li style=\"list-style-type: none;\">\n<ul>\n<li style=\"list-style-type: none;\">\n<ul>\n<li>17:30 horas \u2013 Calle Circo, 4<\/li>\n<li>Actuaciones: Coro de la Abuela Mar\u00eda<\/li>\n<\/ul>\n<\/li>\n<\/ul>\n<\/li>\n<\/ul>\n<p><strong>Bereber<\/strong><\/p>\n<ul>\n<li style=\"list-style-type: none;\">\n<ul>\n<li style=\"list-style-type: none;\">\n<ul>\n<li>19:00 horas \u2013 Calle Cabezas, 10<\/li>\n<li>Actuaciones: Duende, Cambio de Tercio<\/li>\n<\/ul>\n<\/li>\n<\/ul>\n<\/li>\n<\/ul>\n<p><strong>Tabanco Las Cuadras<\/strong><\/p>\n<ul>\n<li style=\"list-style-type: none;\">\n<ul>\n<li style=\"list-style-type: none;\">\n<ul>\n<li>19:00 horas \u2013 Plaza de la Asunci\u00f3n<\/li>\n<li>Actuaciones: Santiago por Navidad<\/li>\n<\/ul>\n<\/li>\n<\/ul>\n<\/li>\n<\/ul>\n<p><strong>Tabanco Cruz Vieja<\/strong><\/p>\n<ul>\n<li style=\"list-style-type: none;\">\n<ul>\n<li style=\"list-style-type: none;\">\n<ul>\n<li>21:30 horas \u2013 Calle Barja, 16<\/li>\n<\/ul>\n<\/li>\n<\/ul>\n<\/li>\n<\/ul>\n<p><strong>La Guarida del \u00c1ngel<\/strong><\/p>\n<ul>\n<li style=\"list-style-type: none;\">\n<ul>\n<li style=\"list-style-type: none;\">\n<ul>\n<li>22:00 horas \u2013 Calle Porvenir<\/li>\n<li>Actuaciones: T\u00eda Juana del Pipa, \u00c1ngel Vargas, Anabel Rosado, Carmen la Cantarota, Gema la Cantarota, Israel Tub\u00edo, Javier Ib\u00e1\u00f1ez, Paco Le\u00f3n<\/li>\n<li>Entradas a 15 euros (con consumici\u00f3n) y a 35 euros (con cena desde las 21:00 horas)<\/li>\n<\/ul>\n<\/li>\n<\/ul>\n<\/li>\n<\/ul>\n<p><strong>Tertulia Flamenca Pepe Alconchel<\/strong><\/p>\n<ul>\n<li style=\"list-style-type: none;\">\n<ul>\n<li style=\"list-style-type: none;\">\n<ul>\n<li>22:00 horas \u2013 Calle Casta\u00f1o<\/li>\n<\/ul>\n<\/li>\n<\/ul>\n<\/li>\n<\/ul>\n<p><strong>Restaurante Tendido 6<\/strong><\/p>\n<ul>\n<li style=\"list-style-type: none;\">\n<ul>\n<li style=\"list-style-type: none;\">\n<ul>\n<li>23:30 horas \u2013 Calle Circo, 12 \u2013 14<\/li>\n<li>Actuaciones: Zambomba Jerezana<\/li>\n<\/ul>\n<\/li>\n<\/ul>\n<\/li>\n<\/ul>\n<h2 id=\"16d\">Domingo 16 de diciembre<\/h2>\n<p><strong>Kiosco del Retiro<\/strong><\/p>\n<ul>\n<li style=\"list-style-type: none;\">\n<ul>\n<li style=\"list-style-type: none;\">\n<ul>\n<li>14:00 horas \u2013 Parque del Retiro<\/li>\n<li>Actuaciones: Coro de la Pe\u00f1a Rociera La Trasera<\/li>\n<\/ul>\n<\/li>\n<\/ul>\n<\/li>\n<\/ul>\n<p><strong>Tabanco Cruz Vieja<\/strong><\/p>\n<ul>\n<li style=\"list-style-type: none;\">\n<ul>\n<li style=\"list-style-type: none;\">\n<ul>\n<li>14:30 horas \u2013 Calle Barja, 16<\/li>\n<\/ul>\n<\/li>\n<\/ul>\n<\/li>\n<\/ul>\n<p><strong>Restaurante Tendido 6<\/strong><\/p>\n<ul>\n<li style=\"list-style-type: none;\">\n<ul>\n<li style=\"list-style-type: none;\">\n<ul>\n<li>16:00 horas \u2013 Calle Circo, 12 \u2013 14<\/li>\n<li>Actuaciones: Coro de la Abuela Mar\u00eda<\/li>\n<\/ul>\n<\/li>\n<\/ul>\n<\/li>\n<\/ul>\n<p><strong>Kapote <\/strong><\/p>\n<ul>\n<li style=\"list-style-type: none;\">\n<ul>\n<li style=\"list-style-type: none;\">\n<ul>\n<li>17:00 horas \u2013 Avenida Alcalde \u00c1lvaro Domecq, 13<\/li>\n<li>Actuaciones: Las M\u00f3nicas<\/li>\n<\/ul>\n<\/li>\n<\/ul>\n<\/li>\n<\/ul>\n<p><strong>Tribbeca<\/strong><\/p>\n<ul>\n<li style=\"list-style-type: none;\">\n<ul>\n<li style=\"list-style-type: none;\">\n<ul>\n<li>17:00 horas \u2013 Avenida Alcalde \u00c1lvaro Domecq, 13<\/li>\n<li>Actuaciones: Se dan Clases de Zambomba<\/li>\n<\/ul>\n<\/li>\n<\/ul>\n<\/li>\n<\/ul>\n<p><strong>Planta Baja<\/strong><\/p>\n<ul>\n<li style=\"list-style-type: none;\">\n<ul>\n<li style=\"list-style-type: none;\">\n<ul>\n<li>19:00 horas \u2013 Avenida Amsterdam<\/li>\n<li>Actuaciones: Sobre Tablas<\/li>\n<\/ul>\n<\/li>\n<\/ul>\n<\/li>\n<\/ul>\n<h2 id=\"18d\">Martes 18 de diciembre<\/h2>\n<p><strong>Tabanco Cruz Vieja<\/strong><\/p>\n<ul>\n<li style=\"list-style-type: none;\">\n<ul>\n<li style=\"list-style-type: none;\">\n<ul>\n<li>21:30 horas \u2013 Calle Barja, 16<\/li>\n<\/ul>\n<\/li>\n<\/ul>\n<\/li>\n<\/ul>\n<h2 id=\"19d\">Mi\u00e9rcoles 19 de diciembre<\/h2>\n<p><strong>Tabanco Cruz Vieja<\/strong><\/p>\n<ul>\n<li style=\"list-style-type: none;\">\n<ul>\n<li style=\"list-style-type: none;\">\n<ul>\n<li>21:30 horas \u2013 Calle Barja, 16<\/li>\n<\/ul>\n<\/li>\n<\/ul>\n<\/li>\n<\/ul>\n<h2 id=\"20d\">Jueves 20 de diciembre<\/h2>\n<p><strong>Tabanco Las Cuadras<\/strong><\/p>\n<ul>\n<li style=\"list-style-type: none;\">\n<ul>\n<li style=\"list-style-type: none;\">\n<ul>\n<li>19:00 horas \u2013 Plaza de la Asunci\u00f3n<\/li>\n<li>Actuaciones: Al Paso<\/li>\n<\/ul>\n<\/li>\n<\/ul>\n<\/li>\n<\/ul>\n<p><strong>Tabanco Cruz Vieja<\/strong><\/p>\n<ul>\n<li style=\"list-style-type: none;\">\n<ul>\n<li style=\"list-style-type: none;\">\n<ul>\n<li>21:30 horas \u2013 Calle Barja, 16<\/li>\n<\/ul>\n<\/li>\n<\/ul>\n<\/li>\n<\/ul>\n<h2 id=\"21d\">Viernes 21 de diciembre<\/h2>\n<p><strong>Bar Juanito<\/strong><\/p>\n<ul>\n<li style=\"list-style-type: none;\">\n<ul>\n<li style=\"list-style-type: none;\">\n<ul>\n<li>A mediod\u00eda \u2013 Calle Pescader\u00eda Vieja<\/li>\n<\/ul>\n<\/li>\n<\/ul>\n<\/li>\n<\/ul>\n<p><strong>El Mercado de Bel\u00e9n<\/strong><\/p>\n<ul>\n<li style=\"list-style-type: none;\">\n<ul>\n<li style=\"list-style-type: none;\">\n<ul>\n<li>14:00 horas \u2013 Palacio del Virrey Laserna (Calle Santa Isabel, 12)<\/li>\n<\/ul>\n<\/li>\n<\/ul>\n<\/li>\n<\/ul>\n<p><strong>La Bodeguita Ib\u00e9rica<\/strong><\/p>\n<ul>\n<li style=\"list-style-type: none;\">\n<ul>\n<li style=\"list-style-type: none;\">\n<ul>\n<li>14:30 horas \u2013 Avenida Mart\u00edn Ferrador, 1<\/li>\n<\/ul>\n<\/li>\n<\/ul>\n<\/li>\n<\/ul>\n<p><strong>Tabanco Cruz Vieja<\/strong><\/p>\n<ul>\n<li style=\"list-style-type: none;\">\n<ul>\n<li style=\"list-style-type: none;\">\n<ul>\n<li>14:30 horas \u2013 Calle Barja, 16<\/li>\n<\/ul>\n<\/li>\n<\/ul>\n<\/li>\n<\/ul>\n<p><strong>Damajuana<\/strong><\/p>\n<ul>\n<li style=\"list-style-type: none;\">\n<ul>\n<li style=\"list-style-type: none;\">\n<ul>\n<li>17:00 horas \u2013 Calle Francos, 18<\/li>\n<li>Actuaciones: Coro de la Abuela Mar\u00eda, Mariam Jim\u00e9nez y su grupo<\/li>\n<\/ul>\n<\/li>\n<\/ul>\n<\/li>\n<\/ul>\n<p><strong>Casa S\u00e1nchez<\/strong><\/p>\n<ul>\n<li style=\"list-style-type: none;\">\n<ul>\n<li style=\"list-style-type: none;\">\n<ul>\n<li>17:30 horas \u2013 Calle Circo, 4<\/li>\n<li>Actuaciones: Connkach\u00e9<\/li>\n<\/ul>\n<\/li>\n<\/ul>\n<\/li>\n<\/ul>\n<p><strong>Bereber<\/strong><\/p>\n<ul>\n<li style=\"list-style-type: none;\">\n<ul>\n<li style=\"list-style-type: none;\">\n<ul>\n<li>19:00 horas \u2013 Calle Cabezas, 10<\/li>\n<li>Actuaciones: Sobre Tablas, Al Paso<\/li>\n<\/ul>\n<\/li>\n<\/ul>\n<\/li>\n<\/ul>\n<p><strong>Tabanco Las Cuadras<\/strong><\/p>\n<ul>\n<li style=\"list-style-type: none;\">\n<ul>\n<li style=\"list-style-type: none;\">\n<ul>\n<li>19:00 horas \u2013 Plaza de la Asunci\u00f3n<\/li>\n<li>Actuaciones: Flamenker\u00eda<\/li>\n<\/ul>\n<\/li>\n<\/ul>\n<\/li>\n<\/ul>\n<p><strong>Bar Escuela<\/strong><\/p>\n<ul>\n<li style=\"list-style-type: none;\">\n<ul>\n<li style=\"list-style-type: none;\">\n<ul>\n<li>20:30 horas \u2013 Plaza Artesan\u00eda (Guadalcac\u00edn)<\/li>\n<li>Actuaciones: Al Son de la Navidad<\/li>\n<\/ul>\n<\/li>\n<\/ul>\n<\/li>\n<\/ul>\n<p><strong>Pe\u00f1a Flamenca Los Cern\u00edcalos<\/strong><\/p>\n<ul>\n<li style=\"list-style-type: none;\">\n<ul>\n<li style=\"list-style-type: none;\">\n<ul>\n<li>21:00 horas \u2013 Calle Sancho Vizca\u00edno<\/li>\n<\/ul>\n<\/li>\n<\/ul>\n<\/li>\n<\/ul>\n<p><strong>Tabanco Cruz Vieja<\/strong><\/p>\n<ul>\n<li style=\"list-style-type: none;\">\n<ul>\n<li style=\"list-style-type: none;\">\n<ul>\n<li>21:30 horas \u2013 Calle Barja, 16<\/li>\n<\/ul>\n<\/li>\n<\/ul>\n<\/li>\n<\/ul>\n<p><strong>Plaza Canterbury <\/strong><\/p>\n<ul>\n<li style=\"list-style-type: none;\">\n<ul>\n<li style=\"list-style-type: none;\">\n<ul>\n<li>23:00 horas \u2013 Calle Nu\u00f1o de Ca\u00f1a<\/li>\n<li>Actuaciones: Najela<\/li>\n<\/ul>\n<\/li>\n<\/ul>\n<\/li>\n<\/ul>\n<p><strong>Restaurante Tendido 6<\/strong><\/p>\n<ul>\n<li style=\"list-style-type: none;\">\n<ul>\n<li style=\"list-style-type: none;\">\n<ul>\n<li>23:30 horas \u2013 Calle Circo, 12 \u2013 14<\/li>\n<li>Actuaciones: Torran y su grupo<\/li>\n<\/ul>\n<\/li>\n<\/ul>\n<\/li>\n<\/ul>\n<p><strong>Kapote <\/strong><\/p>\n<ul>\n<li style=\"list-style-type: none;\">\n<ul>\n<li style=\"list-style-type: none;\">\n<ul>\n<li>23:30 horas \u2013 Avenida Alcalde \u00c1lvaro Domecq, 13<\/li>\n<li>Actuaciones: D Caramelo<\/li>\n<\/ul>\n<\/li>\n<\/ul>\n<\/li>\n<\/ul>\n<p><strong>Tribbeca<\/strong><\/p>\n<ul>\n<li style=\"list-style-type: none;\">\n<ul>\n<li style=\"list-style-type: none;\">\n<ul>\n<li>00:00 horas \u2013 Avenida Alcalde \u00c1lvaro Domecq, 13<\/li>\n<li>Actuaciones: Duende<\/li>\n<\/ul>\n<\/li>\n<\/ul>\n<\/li>\n<\/ul>\n<h2 id=\"22d\">S\u00e1bado 22 de diciembre<\/h2>\n<p><strong>Zambomba en beneficio a Marcos Carribero<\/strong><\/p>\n<ul>\n<li style=\"list-style-type: none;\">\n<ul>\n<li style=\"list-style-type: none;\">\n<ul>\n<li>13:00 horas \u2013 Bodega Los Establos (Calle Carne)<\/li>\n<li>Actuaciones: Coro de la Abuela Ana, Flamenker\u00eda, Sobre Tablas<\/li>\n<\/ul>\n<\/li>\n<\/ul>\n<\/li>\n<\/ul>\n<p><strong>Hermandad del Soberano Poder<\/strong><\/p>\n<ul>\n<li style=\"list-style-type: none;\">\n<ul>\n<li style=\"list-style-type: none;\">\n<ul>\n<li>13:30 horas \u2013 Bodegas Fern\u00e1ndez Gao (Calle Arcos)<\/li>\n<li>Actuaciones: Coro de la Pe\u00f1a Rociera La Trasera<\/li>\n<\/ul>\n<\/li>\n<\/ul>\n<\/li>\n<\/ul>\n<p><strong>Pe\u00f1a Flamenca Alba Neira<\/strong><\/p>\n<ul>\n<li style=\"list-style-type: none;\">\n<ul>\n<li style=\"list-style-type: none;\">\n<ul>\n<li>14:00 horas \u2013 Calle Tajo (Barriada La Pita)<\/li>\n<li>Actuaciones: Coro de la Abuela Mar\u00eda, Mar\u00eda con H, Nerea Soto y su gente<\/li>\n<\/ul>\n<\/li>\n<\/ul>\n<\/li>\n<\/ul>\n<p><strong>ACF Luis de la Pica<\/strong><\/p>\n<ul>\n<li style=\"list-style-type: none;\">\n<ul>\n<li style=\"list-style-type: none;\">\n<ul>\n<li>14:00 horas \u2013 Calle Carpinteros<\/li>\n<\/ul>\n<\/li>\n<\/ul>\n<\/li>\n<\/ul>\n<p><strong>Pro obra del Santuario Dioc\u00e9sano de San Lucas<\/strong><\/p>\n<ul>\n<li style=\"list-style-type: none;\">\n<ul>\n<li style=\"list-style-type: none;\">\n<ul>\n<li>14:00 horas \u2013 Bodegas Fundador (Cuesta del Esp\u00edritu Santo)<\/li>\n<li>Actuaciones: Son de Santiago, Juan Lara y su gente, Grupo Alba con Lidia Hern\u00e1ndez, Coro de la Hermandad de la Yedra, Coro de la Pe\u00f1a La Buena Gente<\/li>\n<\/ul>\n<\/li>\n<\/ul>\n<\/li>\n<\/ul>\n<p><strong>El Mercado de Bel\u00e9n<\/strong><\/p>\n<ul>\n<li style=\"list-style-type: none;\">\n<ul>\n<li style=\"list-style-type: none;\">\n<ul>\n<li>14:00 horas \u2013 Palacio del Virrey Laserna (Calle Santa Isabel, 12)<\/li>\n<\/ul>\n<\/li>\n<\/ul>\n<\/li>\n<\/ul>\n<p><strong>Catering Gemelas al Jerez<\/strong><\/p>\n<ul>\n<li style=\"list-style-type: none;\">\n<ul>\n<li style=\"list-style-type: none;\">\n<ul>\n<li>14:00 horas \u2013 Bodegas Pajarete (Calle Pajarete)<\/li>\n<\/ul>\n<\/li>\n<\/ul>\n<\/li>\n<\/ul>\n<p><strong>Tabanco Cruz Vieja<\/strong><\/p>\n<ul>\n<li style=\"list-style-type: none;\">\n<ul>\n<li style=\"list-style-type: none;\">\n<ul>\n<li>14:30 horas \u2013 Calle Barja, 16<\/li>\n<\/ul>\n<\/li>\n<\/ul>\n<\/li>\n<\/ul>\n<p><strong>Pastora de San Dionisio<\/strong><\/p>\n<ul>\n<li style=\"list-style-type: none;\">\n<ul>\n<li style=\"list-style-type: none;\">\n<ul>\n<li>15:00 horas \u2013 Calle Francos<\/li>\n<\/ul>\n<\/li>\n<\/ul>\n<\/li>\n<\/ul>\n<p><strong>Plaza Canterbury <\/strong><\/p>\n<ul>\n<li style=\"list-style-type: none;\">\n<ul>\n<li style=\"list-style-type: none;\">\n<ul>\n<li>17:00 horas \u2013 Calle Nu\u00f1o de Ca\u00f1a<\/li>\n<li>Actuaciones: Conkach\u00e9, No tengo el madro\u00f1o pa polvorones<\/li>\n<\/ul>\n<\/li>\n<\/ul>\n<\/li>\n<\/ul>\n<p><strong>Casa Gabriela<\/strong><\/p>\n<ul>\n<li style=\"list-style-type: none;\">\n<ul>\n<li style=\"list-style-type: none;\">\n<ul>\n<li>17:00 horas \u2013 Plaza Plateros<\/li>\n<\/ul>\n<\/li>\n<\/ul>\n<\/li>\n<\/ul>\n<p><strong>Damajuana<\/strong><\/p>\n<ul>\n<li style=\"list-style-type: none;\">\n<ul>\n<li style=\"list-style-type: none;\">\n<ul>\n<li>17:00 horas \u2013 Calle Francos, 18<\/li>\n<li>Actuaciones: Alma Flamenca, Los Viandantes<\/li>\n<\/ul>\n<\/li>\n<\/ul>\n<\/li>\n<\/ul>\n<p><strong>Casa S\u00e1nchez<\/strong><\/p>\n<ul>\n<li style=\"list-style-type: none;\">\n<ul>\n<li style=\"list-style-type: none;\">\n<ul>\n<li>17:30 horas \u2013 Calle Circo, 4<\/li>\n<li>Actuaciones: Pe\u00f1a El B\u00facaro<\/li>\n<\/ul>\n<\/li>\n<\/ul>\n<\/li>\n<\/ul>\n<p><strong>Bereber<\/strong><\/p>\n<ul>\n<li style=\"list-style-type: none;\">\n<ul>\n<li style=\"list-style-type: none;\">\n<ul>\n<li>19:00 horas \u2013 Calle Cabezas, 10<\/li>\n<li>Actuaciones: Cambio de Tercio, Flamenker\u00eda<\/li>\n<\/ul>\n<\/li>\n<\/ul>\n<\/li>\n<\/ul>\n<p><strong>Zambomba de San Miguel<\/strong><\/p>\n<ul>\n<li style=\"list-style-type: none;\">\n<ul>\n<li style=\"list-style-type: none;\">\n<ul>\n<li>19:00 horas \u2013 Plaza de las Angustias<\/li>\n<li>Actuaciones: Coro de la Abuela Mar\u00eda, Juan Lara<\/li>\n<\/ul>\n<\/li>\n<\/ul>\n<\/li>\n<\/ul>\n<p><strong>Tabanco Las Cuadras<\/strong><\/p>\n<ul>\n<li style=\"list-style-type: none;\">\n<ul>\n<li style=\"list-style-type: none;\">\n<ul>\n<li>19:00 horas \u2013 Plaza de la Asunci\u00f3n<\/li>\n<li>Actuaciones: Sobre Tablas<\/li>\n<\/ul>\n<\/li>\n<\/ul>\n<\/li>\n<\/ul>\n<p><strong>As\u00ed canta Jerez por Navidad<\/strong><\/p>\n<ul>\n<li style=\"list-style-type: none;\">\n<ul>\n<li style=\"list-style-type: none;\">\n<ul>\n<li>20:30 horas \u2013 Teatro Villamarta<\/li>\n<li>Actuaciones: varios artistas<\/li>\n<\/ul>\n<\/li>\n<\/ul>\n<\/li>\n<\/ul>\n<p><strong>Pe\u00f1a Flamenca T\u00edo Jos\u00e9 de Paula<\/strong><\/p>\n<ul>\n<li style=\"list-style-type: none;\">\n<ul>\n<li style=\"list-style-type: none;\">\n<ul>\n<li>21:00 horas \u2013 Calle Merced<\/li>\n<\/ul>\n<\/li>\n<\/ul>\n<\/li>\n<\/ul>\n<p><strong>Tabanco Cruz Vieja<\/strong><\/p>\n<ul>\n<li style=\"list-style-type: none;\">\n<ul>\n<li style=\"list-style-type: none;\">\n<ul>\n<li>21:30 horas \u2013 Calle Barja, 16<\/li>\n<\/ul>\n<\/li>\n<\/ul>\n<\/li>\n<\/ul>\n<p><strong>Restaurante Tendido 6<\/strong><\/p>\n<ul>\n<li style=\"list-style-type: none;\">\n<ul>\n<li style=\"list-style-type: none;\">\n<ul>\n<li>23:30 horas \u2013 Calle Circo, 12 \u2013 14<\/li>\n<li>Actuaciones: Grupo Caireles<\/li>\n<\/ul>\n<\/li>\n<\/ul>\n<\/li>\n<\/ul>\n<h2 id=\"23d\">Domingo 23 de diciembre<\/h2>\n<p><strong>El Mercado de Bel\u00e9n<\/strong><\/p>\n<ul>\n<li style=\"list-style-type: none;\">\n<ul>\n<li style=\"list-style-type: none;\">\n<ul>\n<li>14:00 horas \u2013 Palacio del Virrey Laserna (Calle Santa Isabel, 12)<\/li>\n<\/ul>\n<\/li>\n<\/ul>\n<\/li>\n<\/ul>\n<p><strong>Tabanco Cruz Vieja<\/strong><\/p>\n<ul>\n<li style=\"list-style-type: none;\">\n<ul>\n<li style=\"list-style-type: none;\">\n<ul>\n<li>14:30 horas \u2013 Calle Barja, 16<\/li>\n<\/ul>\n<\/li>\n<\/ul>\n<\/li>\n<\/ul>\n<p><strong>Zambomba de Santiago<\/strong><\/p>\n<ul>\n<li style=\"list-style-type: none;\">\n<ul>\n<li style=\"list-style-type: none;\">\n<ul>\n<li>14:30 horas \u2013 Plaza Bel\u00e9n<\/li>\n<li>Actuaciones: Flamenker\u00eda<\/li>\n<\/ul>\n<\/li>\n<\/ul>\n<\/li>\n<\/ul>\n<p><strong>Restaurante Tendido 6<\/strong><\/p>\n<ul>\n<li style=\"list-style-type: none;\">\n<ul>\n<li style=\"list-style-type: none;\">\n<ul>\n<li>16:00 horas \u2013 Calle Circo, 12 \u2013 14<\/li>\n<li>Actuaciones: Coro de la Abuela Mar\u00eda<\/li>\n<\/ul>\n<\/li>\n<\/ul>\n<\/li>\n<\/ul>\n<p><strong>Kapote <\/strong><\/p>\n<ul>\n<li style=\"list-style-type: none;\">\n<ul>\n<li style=\"list-style-type: none;\">\n<ul>\n<li>17:00 horas \u2013 Avenida Alcalde \u00c1lvaro Domecq, 13<\/li>\n<li>Actuaciones: Mar\u00eda y Tomasa Santiago<\/li>\n<\/ul>\n<\/li>\n<\/ul>\n<\/li>\n<\/ul>\n<p><strong>Tribbeca<\/strong><\/p>\n<ul>\n<li style=\"list-style-type: none;\">\n<ul>\n<li style=\"list-style-type: none;\">\n<ul>\n<li>17:00 horas \u2013 Avenida Alcalde \u00c1lvaro Domecq, 13<\/li>\n<li>Actuaciones: Se dan Clases de Zambomba<\/li>\n<\/ul>\n<\/li>\n<\/ul>\n<\/li>\n<\/ul>\n<p><strong>Planta Baja<\/strong><\/p>\n<ul>\n<li style=\"list-style-type: none;\">\n<ul>\n<li style=\"list-style-type: none;\">\n<ul>\n<li>19:00 horas \u2013 Avenida Amsterdam<\/li>\n<li>Actuaciones: Sobre Tablas<\/li>\n<\/ul>\n<\/li>\n<\/ul>\n<\/li>\n<\/ul>\n<p><strong>Bereber<\/strong><\/p>\n<ul>\n<li style=\"list-style-type: none;\">\n<ul>\n<li style=\"list-style-type: none;\">\n<ul>\n<li>19:00 horas \u2013 Calle Cabezas, 10<\/li>\n<li>Actuaciones: Duende, Luis de Perik\u00edn<\/li>\n<\/ul>\n<\/li>\n<\/ul>\n<\/li>\n<\/ul>\n<p><strong>Tabanco Las Cuadras<\/strong><\/p>\n<ul>\n<li style=\"list-style-type: none;\">\n<ul>\n<li style=\"list-style-type: none;\">\n<ul>\n<li>19:00 horas \u2013 Plaza de la Asunci\u00f3n<\/li>\n<li>Actuaciones: Duende<\/li>\n<\/ul>\n<\/li>\n<\/ul>\n<\/li>\n<\/ul>\n<p><strong>Tabanco Cruz Vieja<\/strong><\/p>\n<ul>\n<li style=\"list-style-type: none;\">\n<ul>\n<li style=\"list-style-type: none;\">\n<ul>\n<li>21:30 horas \u2013 Calle Barja, 16<\/li>\n<\/ul>\n<\/li>\n<\/ul>\n<\/li>\n<\/ul>\n<h2 id=\"24d\">Lunes 24 de diciembre<\/h2>\n<p><strong>Bar Juanito<\/strong><\/p>\n<ul>\n<li style=\"list-style-type: none;\">\n<ul>\n<li style=\"list-style-type: none;\">\n<ul>\n<li>A mediod\u00eda \u2013 Calle Pescader\u00eda Vieja<\/li>\n<\/ul>\n<\/li>\n<\/ul>\n<\/li>\n<\/ul>\n<p><strong>La Cruz Blanca<\/strong><\/p>\n<ul>\n<li style=\"list-style-type: none;\">\n<ul>\n<li style=\"list-style-type: none;\">\n<ul>\n<li>14:00 horas \u2013 Plaza de la Yerba<\/li>\n<\/ul>\n<\/li>\n<\/ul>\n<\/li>\n<\/ul>\n<p><strong>Tabanco Cruz Vieja<\/strong><\/p>\n<ul>\n<li style=\"list-style-type: none;\">\n<ul>\n<li style=\"list-style-type: none;\">\n<ul>\n<li>14:30 horas \u2013 Calle Barja, 16<\/li>\n<\/ul>\n<\/li>\n<\/ul>\n<\/li>\n<\/ul>\n<p><strong>Pastora de San Dionisio<\/strong><\/p>\n<ul>\n<li style=\"list-style-type: none;\">\n<ul>\n<li style=\"list-style-type: none;\">\n<ul>\n<li>15:00 horas \u2013 Calle Francos<\/li>\n<\/ul>\n<\/li>\n<\/ul>\n<\/li>\n<\/ul>\n<p><strong>Tabanco Las Cuadras<\/strong><\/p>\n<ul>\n<li style=\"list-style-type: none;\">\n<ul>\n<li>17:00 horas \u2013 Plaza de la Asunci\u00f3n<\/li>\n<\/ul>\n<\/li>\n<\/ul>\n","protected":false},"excerpt":{"rendered":"<p>Zambombas 2018 Jerez de la Frontera Viernes 16 de noviembre Tribbeca 00:00 horas \u2013 Avenida [&#038;hellip<\/p>\n","protected":false},"author":1,"featured_media":0,"parent":2593,"menu_order":0,"comment_status":"closed","ping_status":"closed","template":"","meta":{"footnotes":""},"class_list":["post-3617","page","type-page","status-publish","hentry"],"_links":{"self":[{"href":"https:\/\/www.homeapartmentsjerez.com\/fr\/wp-json\/wp\/v2\/pages\/3617","targetHints":{"allow":["GET"]}}],"collection":[{"href":"https:\/\/www.homeapartmentsjerez.com\/fr\/wp-json\/wp\/v2\/pages"}],"about":[{"href":"https:\/\/www.homeapartmentsjerez.com\/fr\/wp-json\/wp\/v2\/types\/page"}],"author":[{"embeddable":true,"href":"https:\/\/www.homeapartmentsjerez.com\/fr\/wp-json\/wp\/v2\/users\/1"}],"replies":[{"embeddable":true,"href":"https:\/\/www.homeapartmentsjerez.com\/fr\/wp-json\/wp\/v2\/comments?post=3617"}],"version-history":[{"count":7,"href":"https:\/\/www.homeapartmentsjerez.com\/fr\/wp-json\/wp\/v2\/pages\/3617\/revisions"}],"predecessor-version":[{"id":4069,"href":"https:\/\/www.homeapartmentsjerez.com\/fr\/wp-json\/wp\/v2\/pages\/3617\/revisions\/4069"}],"up":[{"embeddable":true,"href":"https:\/\/www.homeapartmentsjerez.com\/fr\/wp-json\/wp\/v2\/pages\/2593"}],"wp:attachment":[{"href":"https:\/\/www.homeapartmentsjerez.com\/fr\/wp-json\/wp\/v2\/media?parent=3617"}],"curies":[{"name":"wp","href":"https:\/\/api.w.org\/{rel}","templated":true}]}}