

{"id":3903,"date":"2019-03-27T10:37:44","date_gmt":"2019-03-27T10:37:44","guid":{"rendered":"https:\/\/www.homeapartmentsjerez.com\/recommandations\/jerez-de-la-frontera-2\/semaine-sainte\/"},"modified":"2025-03-15T12:51:06","modified_gmt":"2025-03-15T12:51:06","slug":"semaine-sainte","status":"publish","type":"page","link":"https:\/\/www.homeapartmentsjerez.com\/fr\/recommandations\/jerez-de-la-frontera-2\/semaine-sainte\/","title":{"rendered":"La semaine sainte"},"content":{"rendered":"\r\n<h2 class=\"wp-block-heading\">La semaine sainte<\/h2>\r\n\r\n\r\n\r\n<p>&nbsp;<\/p>\r\n\r\n\r\n\r\n<h4 class=\"wp-block-heading\">La premi\u00e8re partie de cette page essaye de vous donner des \u00e9l\u00e9ments pour comprendre la semaine sainte en Andalousie et \u00e0 la fin de cette page vous trouverez l&rsquo;ensemble de l&rsquo;agenda d\u00e9taill\u00e9 de chaque journ\u00e9e de processions.<\/h4>\r\n\r\n\r\n\r\n<p>&nbsp;<\/p>\r\n\r\n\r\n\r\n<p>La\u00a0<strong><a href=\"https:\/\/fr.wikipedia.org\/wiki\/Semaine_sainte\">Semaine sainte<\/a><\/strong>\u00a0(<em>Semana santa<\/em>) en\u00a0<a href=\"https:\/\/fr.wikipedia.org\/wiki\/Andalousie\">Andalousie<\/a>\u00a0est la c\u00e9l\u00e9bration religieuse la plus importante, et l&rsquo;une des plus c\u00e9l\u00e8bres d&rsquo;<a href=\"https:\/\/fr.wikipedia.org\/wiki\/Espagne\">Espagne<\/a>. Tout comme la\u00a0<a href=\"https:\/\/fr.wikipedia.org\/wiki\/Feria_de_Abril\">Feria <\/a>qu&rsquo;elle pr\u00e9c\u00e8de de quelques semaines, elle rythme le calendrier annuel de la ville, qui vit durant une semaine au\u00a0<a href=\"https:\/\/fr.wikipedia.org\/wiki\/Rythme\">rythme<\/a>\u00a0des processions.<\/p>\r\n\r\n\r\n\r\n<p>Elle commence le\u00a0<a href=\"https:\/\/fr.wikipedia.org\/wiki\/Dimanche_des_Rameaux\">Dimanche des Rameaux<\/a>\u00a0et s&rsquo;ach\u00e8ve une semaine plus tard, le Dimanche de\u00a0<a href=\"https:\/\/fr.wikipedia.org\/wiki\/P%C3%A2ques\">P\u00e2ques<\/a>, pour la comm\u00e9moration de la\u00a0<a href=\"https:\/\/fr.wikipedia.org\/wiki\/R%C3%A9surrection_(christianisme)\">R\u00e9surrection<\/a>\u00a0du\u00a0<a href=\"https:\/\/fr.wikipedia.org\/wiki\/J%C3%A9sus_de_Nazareth\">Christ<\/a>. Durant ces 7 jours d\u00e9di\u00e9s \u00e0 la\u00a0<a href=\"https:\/\/fr.wikipedia.org\/wiki\/Passion_du_Christ\">Passion du Christ<\/a>, 60 confr\u00e9ries (<em>Hermandades<\/em>\u00a0et\u00a0<em>Cofrad\u00edas<\/em>) sortent en procession pour se rendre \u00e0 la\u00a0<a href=\"https:\/\/fr.wikipedia.org\/wiki\/Cath%C3%A9drale_de_S%C3%A9ville\">cath\u00e9drale<\/a>, conclure leur station de p\u00e9nitence, avant de revenir vers leur point de d\u00e9part.\u00a0<\/p>\r\n\r\n\r\n\r\n<p>Chacune de ces congr\u00e9gations conduit lors de son long cheminement ses\u00a0<a href=\"https:\/\/fr.wikipedia.org\/wiki\/Paso_(semaine_sainte)\">pasos<\/a>, ces autels port\u00e9s \u00e0 dos d&rsquo;hommes, richement d\u00e9cor\u00e9s et qui servent de supports \u00e0 des groupes sculpt\u00e9s en bois repr\u00e9sentant des sc\u00e8nes de la\u00a0<a href=\"https:\/\/fr.wikipedia.org\/wiki\/Passion_du_Christ\">Passion<\/a>. Une foule consid\u00e9rable de S\u00e9villans, d&rsquo;Espagnols et d&rsquo;\u00e9trangers, de croyants et de non-croyants se presse dans les rues de la ville pour se recueillir ou simplement admirer le passage de ces imposants cort\u00e8ges de p\u00e9nitents, dont certains sont accompagn\u00e9s de musique.<\/p>\r\n\r\n\r\n\r\n<p>Les\u00a0<a href=\"https:\/\/fr.wikipedia.org\/wiki\/Confr%C3%A9rie_de_p%C3%A9nitents\">confr\u00e9ries<\/a>, dont les plus anciennes remontent au\u00a0<a href=\"https:\/\/fr.wikipedia.org\/wiki\/Moyen_%C3%82ge\">Moyen \u00c2ge<\/a>, sont des regroupements de fid\u00e8les la\u00efcs. Le si\u00e8ge de ces congr\u00e9gations est bas\u00e9 dans des chapelles ou \u00e9glises qui abritent les effigies ou reliques du Christ, de la Vierge ou d&rsquo;un saint, auxquelles les membres manifestent leur profond attachement.\u00a0<\/p>\r\n\r\n\r\n\r\n<p>Rassembl\u00e9s autour des id\u00e9aux chr\u00e9tiens (formation, culte et charit\u00e9) de la soci\u00e9t\u00e9 \u00e0 laquelle ils appartiennent, ils se consacrent toute l&rsquo;ann\u00e9e \u00e0 diverses \u0153uvres de bienfaisance et au culte catholique. La Semaine Sainte constitue cependant le point d&rsquo;orgue de leur ann\u00e9e de foi, l&rsquo;occasion de faire p\u00e9nitence en cette fin de\u00a0<a href=\"https:\/\/fr.wikipedia.org\/wiki\/Car%C3%AAme\">Car\u00eame<\/a>\u00a0et \u00e0 l&rsquo;approche de la c\u00e9l\u00e9bration de la\u00a0<a href=\"https:\/\/fr.wikipedia.org\/wiki\/R%C3%A9surrection_(christianisme)\">R\u00e9surrection de J\u00e9sus<\/a>.\u00a0<\/p>\r\n\r\n\r\n\r\n<p>Chacune des\u00a0<em>cofrad\u00edas<\/em>\u00a0de la Semaine Sainte est dirig\u00e9e par un\u00a0<em>Hermano Mayor<\/em>, un fr\u00e8re majeur. Ces responsables \u00e9lisent les dirigeants du\u00a0<em>Consejo General de Hermandades y Cofrad\u00edas<\/em>, organisation qui f\u00e9d\u00e8re les\u00a0<em>hermandades<\/em>\u00a0et se charge de coordonner leurs activit\u00e9s et d&rsquo;organiser les processions.<\/p>\r\n\r\n\r\n\r\n<p>Unie par la d\u00e9votion dont elle t\u00e9moigne \u00e0 l&rsquo;\u00e9gard des saintes images qu&rsquo;elle conserve en son si\u00e8ge, chaque\u00a0<em>hermandad<\/em>\u00a0accompagne ces pr\u00e9cieuses effigies dans les rues des villes. Mont\u00e9es sur les\u00a0<em><a href=\"https:\/\/fr.wikipedia.org\/wiki\/Paso_(semaine_sainte)\">pasos<\/a><\/em>, les statues repr\u00e9sentent la\u00a0<a href=\"https:\/\/fr.wikipedia.org\/wiki\/Marie_de_Nazareth\">Vierge<\/a>\u00a0et le\u00a0<a href=\"https:\/\/fr.wikipedia.org\/wiki\/J%C3%A9sus_de_Nazareth\">Christ<\/a>, lequel est souvent accompagn\u00e9 d&rsquo;autres personnages des\u00a0<a href=\"https:\/\/fr.wikipedia.org\/wiki\/%C3%89vangiles\">\u00c9vangiles<\/a>\u00a0ou de l&rsquo;<a href=\"https:\/\/fr.wikipedia.org\/wiki\/Hagiographie\">hagiographie<\/a>\u00a0chr\u00e9tienne, dans une mise en sc\u00e8ne \u00e9voquant des \u00e9pisodes de la\u00a0<a href=\"https:\/\/fr.wikipedia.org\/wiki\/Passion_du_Christ\">Passion<\/a>. Dans la plupart des confr\u00e9ries, Marie et J\u00e9sus sont repr\u00e9sent\u00e9s sur deux\u00a0<em>pasos<\/em>\u00a0diff\u00e9rents\u00a0: le\u00a0<em>paso<\/em>\u00a0du Christ (appel\u00e9\u00a0<em>misterio<\/em>) pr\u00e9c\u00e8de celui de la Vierge (nomm\u00e9\u00a0<em>palio<\/em>). Ces \u00ab\u00a0autels\u00a0\u00bb sont toujours richement orn\u00e9s de dorures, moulures et autres \u00e9toffes pr\u00e9cieuses. Ces sculptures de bois peintes sont pour beaucoup de v\u00e9ritables \u0153uvres d&rsquo;art, ex\u00e9cut\u00e9es par de grands ma\u00eetres du\u00a0<a href=\"https:\/\/fr.wikipedia.org\/wiki\/Baroque\">baroque<\/a>\u00a0espagnol.<\/p>\r\n\r\n\r\n\r\n<h2>Les diff\u00e9rents acteurs :<\/h2>\r\n\r\n\r\n\r\n<ul>\r\n<li>les\u00a0<em>costaleros<\/em>\u00a0: ils portent les\u00a0<em>pasos<\/em>, dont le poids contraint \u00e0 disposer d&rsquo;un effectif important, tournant \u00e0 intervalles r\u00e9guliers. Les confr\u00e9ries poss\u00e8dent de un \u00e0 trois\u00a0<em>pasos<\/em>, soit autant de groupes de porteurs\u00a0;<\/li>\r\n<li>le\u00a0<em>capataz<\/em>\u00a0: c&rsquo;est le responsable de l&rsquo;\u00e9quipe des\u00a0<em>costaleros<\/em>. Il dirige le\u00a0<em>paso<\/em>\u00a0et guide les porteurs par la voix en indiquant la direction \u00e0 prendre. Il est assist\u00e9 de\u00a0<em>contragu\u00edas<\/em>. Il ordonne la lev\u00e9e ou l&rsquo;arr\u00eat du\u00a0<em>paso<\/em>, \u00e0 l&rsquo;aide du\u00a0<em>llamador<\/em>\u00a0ou\u00a0<em>martillo<\/em>, heurtoir situ\u00e9 \u00e0 l&rsquo;avant de l&rsquo;autel.<\/li>\r\n<li>les\u00a0<em>nazarenos<\/em>\u00a0: ce sont les p\u00e9nitents qui marchent au-devant des\u00a0<em>pasos<\/em>, v\u00eatus d&rsquo;une tunique et d&rsquo;une cagoule (le\u00a0<em>capirote<\/em>), dont les couleurs varient d&rsquo;une confr\u00e9rie \u00e0 l&rsquo;autre, voire au sein d&rsquo;une confr\u00e9rie, selon le\u00a0<em>paso<\/em>\u00a0qu&rsquo;il pr\u00e9c\u00e8de.<\/li>\r\n<\/ul>\r\n\r\n\r\n\r\n<h2 class=\"wp-block-heading\">Les processions<\/h2>\r\n\r\n\r\n\r\n<p>L&rsquo;itin\u00e9raire des confr\u00e9ries est fix\u00e9 par avance, puis annonc\u00e9 publiquement 14 jours avant le d\u00e9but de la Semaine Sainte.<\/p>\r\n\r\n\r\n\r\n<h2>La Carrera oficial<\/h2>\r\n\r\n\r\n\r\n<p>Chacune des confr\u00e9ries, au jour et \u00e0 l&rsquo;heure qui lui \u00e9choient, sort en procession depuis l&rsquo;\u00e9glise ou la chapelle o\u00f9 est \u00e9tabli son si\u00e8ge. Le cort\u00e8ge, form\u00e9 des centaines voire des milliers de membres de la soci\u00e9t\u00e9, entame alors son chemin de p\u00e9nitence vers la cath\u00e9drale. Pour atteindre celle-ci, il doit effectuer la derni\u00e8re partie de son parcours sur un itin\u00e9raire officiel, commun \u00e0 toutes les\u00a0<em>cofrad\u00edas<\/em>\u00a0: la\u00a0<em>Carrera Oficial<\/em>. Ce segment am\u00e8ne les confr\u00e9ries \u00e0 passer devant l&rsquo;H\u00f4tel de Ville. Une fois arriv\u00e9es \u00e0 la cath\u00e9drale, les congr\u00e9gations ach\u00e8vent leur station de p\u00e9nitence avant de rejoindre leur point de d\u00e9part qu&rsquo;elles regagneront apr\u00e8s des heures de procession dans les rues.<\/p>\r\n\r\n\r\n\r\n<figure class=\"wp-block-image\"><a href=\"https:\/\/commons.wikimedia.org\/wiki\/File:SemanaSantaSevillaSaeta.jpg?uselang=fr\"><img decoding=\"async\" src=\"https:\/\/upload.wikimedia.org\/wikipedia\/commons\/thumb\/9\/9c\/SemanaSantaSevillaSaeta.jpg\/125px-SemanaSantaSevillaSaeta.jpg\" alt=\"\" \/><\/a><\/figure>\r\n\r\n\r\n\r\n<p><em>Saeta<\/em>\u00a0durant la Semaine Sainte<\/p>\r\n\r\n\r\n\r\n<p>L&rsquo;aspect spectaculaire de ces litanies de\u00a0<em>cofrades<\/em>\u00a0(membres des\u00a0<em>cofrad\u00edas<\/em>) s&rsquo;explique par leur accumulation, la beaut\u00e9 baroque des\u00a0<em>pasos<\/em>\u00a0(chars), le silence absolu des processions, ou au contraire leur musique solennelle, mais aussi par leur avanc\u00e9e dans les ruelles de la vieille ville, qui forme un cadre grandiose. La configuration tortueuse de certaines voies rend parfois p\u00e9rilleuse leur progression, ce qui contribue \u00e0 donner encore davantage de panache \u00e0 leur marche, qui semble interminable: il faut souvent patienter plus d&rsquo;une heure pour voir passer la totalit\u00e9 d&rsquo;une\u00a0<em>hermandad<\/em>. Les processions effectuent des arr\u00eats, qui sont alors l&rsquo;occasion d&rsquo;entendre des\u00a0<a href=\"https:\/\/fr.wikipedia.org\/wiki\/Saeta\">saetas<\/a>\u00a0entonn\u00e9es par des anonymes, depuis la rue ou un balcon. L&rsquo;instant le plus propice \u00e0 ces improvisations se situe \u00e0 la sortie et au retour du cort\u00e8ge.<\/p>\r\n\r\n\r\n\r\n<p>La Semaine Sainte atteint son paroxysme lors de la\u00a0<em>Madrug\u00e1<\/em>\u00a0qui, dans la nuit du jeudi au vendredi saints, voit sortir les plus c\u00e9l\u00e8bres congr\u00e9gations. La ville conna\u00eet cette nuit-l\u00e0 la plus forte affluence de la semaine.<\/p>\r\n\r\n\r\n\r\n<p>&nbsp;<\/p>\r\n","protected":false},"excerpt":{"rendered":"<p>La semaine sainte &nbsp; La premi\u00e8re partie de cette page essaye de vous donner des [&#038;hellip<\/p>\n","protected":false},"author":1,"featured_media":0,"parent":3888,"menu_order":0,"comment_status":"closed","ping_status":"closed","template":"","meta":{"footnotes":""},"class_list":["post-3903","page","type-page","status-publish","hentry"],"_links":{"self":[{"href":"https:\/\/www.homeapartmentsjerez.com\/fr\/wp-json\/wp\/v2\/pages\/3903","targetHints":{"allow":["GET"]}}],"collection":[{"href":"https:\/\/www.homeapartmentsjerez.com\/fr\/wp-json\/wp\/v2\/pages"}],"about":[{"href":"https:\/\/www.homeapartmentsjerez.com\/fr\/wp-json\/wp\/v2\/types\/page"}],"author":[{"embeddable":true,"href":"https:\/\/www.homeapartmentsjerez.com\/fr\/wp-json\/wp\/v2\/users\/1"}],"replies":[{"embeddable":true,"href":"https:\/\/www.homeapartmentsjerez.com\/fr\/wp-json\/wp\/v2\/comments?post=3903"}],"version-history":[{"count":10,"href":"https:\/\/www.homeapartmentsjerez.com\/fr\/wp-json\/wp\/v2\/pages\/3903\/revisions"}],"predecessor-version":[{"id":4131,"href":"https:\/\/www.homeapartmentsjerez.com\/fr\/wp-json\/wp\/v2\/pages\/3903\/revisions\/4131"}],"up":[{"embeddable":true,"href":"https:\/\/www.homeapartmentsjerez.com\/fr\/wp-json\/wp\/v2\/pages\/3888"}],"wp:attachment":[{"href":"https:\/\/www.homeapartmentsjerez.com\/fr\/wp-json\/wp\/v2\/media?parent=3903"}],"curies":[{"name":"wp","href":"https:\/\/api.w.org\/{rel}","templated":true}]}}