

{"id":3910,"date":"2019-03-27T10:40:13","date_gmt":"2019-03-27T10:40:13","guid":{"rendered":"https:\/\/www.homeapartmentsjerez.com\/recommandations\/jerez-de-la-frontera-2\/feria\/"},"modified":"2025-03-16T10:02:20","modified_gmt":"2025-03-16T10:02:20","slug":"feria","status":"publish","type":"page","link":"https:\/\/www.homeapartmentsjerez.com\/fr\/recommandations\/jerez-de-la-frontera-2\/feria\/","title":{"rendered":"Feria"},"content":{"rendered":"\r\n<h2 class=\"wp-block-heading\"><strong>La Feria de Jerez<\/strong>, ou\u00a0<strong>Feria del Caballo<\/strong>\u00a0(<em>festival du cheval<\/em>) est une des f\u00eates les plus importante de Jerez<\/h2>\r\n\r\n\r\n\r\n<p>L&rsquo;origine de la F\u00e9ria vient directement du moyen \u00e2ge. Une f\u00eate annuel permettait \u00e0 l&rsquo;ensemble des \u00e9leveur, producteur, vendeur, acheteur de pr\u00e9senter leur production annuelle et d&rsquo;effectuer les \u00e9changes et achats n\u00e9cessaires. Le commerce ne fonctionne plus comme cela, mais nous avons gardez la f\u00eate qui se tient cette ann\u00e9e du <strong> 12 mai au 19 mai. (les dates changent chaque ann\u00e9e de quelques jours)<\/strong><\/p>\r\n\r\n\r\n\r\n<p>La f\u00e9ria est compos\u00e9s de casetas. Une caseta est un local construit en r\u00e8gle g\u00e9n\u00e9ral en bois et toile, lou\u00e9 par une association pour la dur\u00e9e de la F\u00e9ria. Ainsi la F\u00e9ria est constitu\u00e9e de plusieurs centaines de casetas, chacune d&rsquo;entre elle d&rsquo;une taille de quelques dizaine de m\u00e8tres carr\u00e9s \u00e0 quelques centaines de m\u00e8tres carr\u00e9s. Chaque caseta propose en r\u00e8gle g\u00e9n\u00e9rale, musique, musique live, bar, restaurant et \u00e9v\u00e9nements.<\/p>\r\n\r\n\r\n\r\n<p>Lors de la <em>Feria de Jerez<\/em>\u00a0 l&rsquo;ensemble des casetas sont publiques et accueille tout le monde avec beaucoup de plaisir. Les casetas de la F\u00e9ria de S\u00e9ville \u00e0 titre de comparaison sont priv\u00e9s, seules les membres de l&rsquo;association peuvent y acc\u00e9der. Ceci donne un arri\u00e8re go\u00fbt asses frustrant car vous pouvez voir de loin, mais en aucun cas rentrer, consommer, danser &#8230;<\/p>\r\n\r\n\r\n\r\n<figure class=\"wp-block-embed-youtube wp-block-embed is-type-video is-provider-youtube wp-embed-aspect-16-9 wp-has-aspect-ratio\">\r\n<figcaption><br \/>Une journ\u00e9e \u00e0\u00a0 La Feria del Caballo<br \/><br \/><\/figcaption>\r\n<\/figure>\r\n\r\n<p><iframe loading=\"lazy\" title=\"YouTube video player\" src=\"https:\/\/www.youtube.com\/embed\/DQKnZzqmEN8?si=uBVDZHT50SJS83fF&amp;start=3\" width=\"560\" height=\"315\" frameborder=\"0\" allowfullscreen=\"allowfullscreen\"><\/iframe><\/p>\r\n\r\n<p>&nbsp;<\/p>\r\n\r\n\r\n\r\n<figure class=\"wp-block-image\"><img loading=\"lazy\" decoding=\"async\" width=\"800\" height=\"531\" class=\"wp-image-4023\" src=\"https:\/\/www.homeapartmentsjerez.com\/wp-content\/uploads\/2019\/03\/IMG_0389.jpg\" alt=\"\" srcset=\"https:\/\/www.homeapartmentsjerez.com\/wp-content\/uploads\/2019\/03\/IMG_0389.jpg 800w, https:\/\/www.homeapartmentsjerez.com\/wp-content\/uploads\/2019\/03\/IMG_0389-300x199.jpg 300w, https:\/\/www.homeapartmentsjerez.com\/wp-content\/uploads\/2019\/03\/IMG_0389-768x510.jpg 768w\" sizes=\"auto, (max-width: 800px) 100vw, 800px\" \/><\/figure>\r\n\r\n\r\n\r\n<h2 class=\"wp-block-heading\">La F\u00e9ria 2019<\/h2>\r\n\r\n\r\n\r\n<figure class=\"wp-block-image\"><img loading=\"lazy\" decoding=\"async\" width=\"719\" height=\"1024\" class=\"wp-image-4025\" src=\"https:\/\/www.homeapartmentsjerez.com\/wp-content\/uploads\/2019\/03\/cartel_feria_2019-719x1024.jpg\" alt=\"\" srcset=\"https:\/\/www.homeapartmentsjerez.com\/wp-content\/uploads\/2019\/03\/cartel_feria_2019-719x1024.jpg 719w, https:\/\/www.homeapartmentsjerez.com\/wp-content\/uploads\/2019\/03\/cartel_feria_2019-211x300.jpg 211w, https:\/\/www.homeapartmentsjerez.com\/wp-content\/uploads\/2019\/03\/cartel_feria_2019-768x1094.jpg 768w, https:\/\/www.homeapartmentsjerez.com\/wp-content\/uploads\/2019\/03\/cartel_feria_2019.jpg 1654w\" sizes=\"auto, (max-width: 719px) 100vw, 719px\" \/><\/figure>\r\n\r\n\r\n\r\n<p>&nbsp;<\/p>\r\n\r\n\r\n\r\n<p>Ci apr\u00e8s le premier plan de la Feria<\/p>\r\n\r\n\r\n\r\n<figure class=\"wp-block-image\"><img loading=\"lazy\" decoding=\"async\" width=\"1024\" height=\"724\" class=\"wp-image-4026\" src=\"https:\/\/www.homeapartmentsjerez.com\/wp-content\/uploads\/2019\/03\/Plano_alfabetico_casetas_2019-1024x724.jpg\" alt=\"\" srcset=\"https:\/\/www.homeapartmentsjerez.com\/wp-content\/uploads\/2019\/03\/Plano_alfabetico_casetas_2019-1024x724.jpg 1024w, https:\/\/www.homeapartmentsjerez.com\/wp-content\/uploads\/2019\/03\/Plano_alfabetico_casetas_2019-300x212.jpg 300w, https:\/\/www.homeapartmentsjerez.com\/wp-content\/uploads\/2019\/03\/Plano_alfabetico_casetas_2019-768x543.jpg 768w\" sizes=\"auto, (max-width: 1024px) 100vw, 1024px\" \/><\/figure>\r\n\r\n\r\n\r\n<p>Au fur et \u00e0 mesure que nous parviennent les informations concernant les \u00e9v\u00e9nements lors de la F\u00e9ria, nous les mettrons \u00e0 jour ci dessous.<\/p>\r\n\r\n\r\n\r\n<p>&nbsp;<\/p>\r\n\r\n\r\n\r\n<h2 class=\"wp-block-heading\">Les autres Ferias en Andalousie (\u00e0 titre indicatif)<\/h2>\r\n\r\n\r\n\r\n<table class=\"wp-block-table\">\r\n<tbody>\r\n<tr>\r\n<td>Feria de Abril<\/td>\r\n<td><a href=\"http:\/\/www.andalucia.com\/festival\/seville-feria.htm\">Seville<\/a><\/td>\r\n<td><a href=\"http:\/\/www.andalucia.com\/festival\/seville-feria.htm\">April (varies)<\/a><\/td>\r\n<\/tr>\r\n<tr>\r\n<td>Feria de Abril<\/td>\r\n<td>Mairena del Alcor<\/td>\r\n<td>16th to 19th April<\/td>\r\n<\/tr>\r\n<tr>\r\n<td>Feria de Primavera<\/td>\r\n<td><a href=\"http:\/\/www.andalucia.com\/province\/cadiz\/vejer\/home.htm\">Vejer de la Frontera<\/a><\/td>\r\n<td>15th April &#8211; 3rd May\u00a0<\/td>\r\n<\/tr>\r\n<tr>\r\n<td>Espera<\/td>\r\n<td>30th April &#8211; 3rd May<\/td>\r\n<\/tr>\r\n<tr>\r\n<td><a href=\"http:\/\/www.andalucia.com\/province\/cadiz\/castellar\/home.htm\">Castillar de la Frontera<\/a><\/td>\r\n<td>30th April &#8211; 3rd May<\/td>\r\n<\/tr>\r\n<tr>\r\n<td><a href=\"http:\/\/www.andalucia.com\/province\/cadiz\/puertosantamaria\/home.htm\">El Puerto de Santa Maria<\/a><\/td>\r\n<td>6th &#8211; 11th May<\/td>\r\n<\/tr>\r\n<tr>\r\n<td>Tahivilla<\/td>\r\n<td>8th &#8211; 10th May<\/td>\r\n<\/tr>\r\n<tr>\r\n<td>Algar<\/td>\r\n<td>9th &#8211; 10th May<\/td>\r\n<\/tr>\r\n<tr>\r\n<td><a href=\"http:\/\/www.andalucia.com\/cities\/jerez\/home.htm\">Jerez<\/a><\/td>\r\n<td>10th &#8211; 17th May<\/td>\r\n<\/tr>\r\n<tr>\r\n<td><a href=\"http:\/\/www.andalucia.com\/province\/cadiz\/losbarrios\/home.htm\">Los Barrios<\/a><\/td>\r\n<td>12th &#8211; 17th May<\/td>\r\n<\/tr>\r\n<tr>\r\n<td><a href=\"http:\/\/www.andalucia.com\/cities\/cordoba\/cordoba.htm\">C\u00f3rdoba<\/a><\/td>\r\n<td>25th May &#8211; 1st June<\/td>\r\n<\/tr>\r\n<tr>\r\n<td><a href=\"http:\/\/www.andalucia.com\/province\/malaga\/alhaurinelgrande\/home.htm\">Alhaurin el Grande<\/a><\/td>\r\n<td>27th &#8211; 28th May<\/td>\r\n<\/tr>\r\n<tr>\r\n<td><a href=\"http:\/\/www.andalucia.com\/province\/cadiz\/medina-sidonia\/home.htm\">Medina-Sidonia<\/a><\/td>\r\n<td>27th \u00a0&#8211; 31st May<\/td>\r\n<\/tr>\r\n<tr>\r\n<td>San Jose de la Valle<\/td>\r\n<td>27th &#8211; 31st May<\/td>\r\n<\/tr>\r\n<tr>\r\n<td><a href=\"http:\/\/www.andalucia.com\/province\/cadiz\/sanlucar\/home.htm\">Sanl\u00facar de Barrameda<\/a><\/td>\r\n<td>2nd &#8211; 7th June\u00a0<\/td>\r\n<\/tr>\r\n<tr>\r\n<td>Puerto Real<\/td>\r\n<td>3rd \u00a0&#8211; 8th June<\/td>\r\n<\/tr>\r\n<tr>\r\n<td>Jedula<\/td>\r\n<td>4th &#8211; 7th June<\/td>\r\n<\/tr>\r\n<tr>\r\n<td>El Colorado<\/td>\r\n<td>4th &#8211; 7th June<\/td>\r\n<\/tr>\r\n<tr>\r\n<td><a href=\"http:\/\/www.andalucia.com\/province\/cadiz\/conil\/home.htm\">Conil<\/a><\/td>\r\n<td>5th &#8211; 8th June<\/td>\r\n<\/tr>\r\n<tr>\r\n<td><a href=\"http:\/\/www.andalucia.com\/marbella\/feria.htm\">Marbella<\/a><\/td>\r\n<td>8th &#8211; 14th June<\/td>\r\n<\/tr>\r\n<tr>\r\n<td>Paterna<\/td>\r\n<td>10th &#8211; 14 June<\/td>\r\n<\/tr>\r\n<tr>\r\n<td><a href=\"http:\/\/www.andalucia.com\/province\/cadiz\/chiclana\/home.htm\">Chiclana de la Frontera<\/a><\/td>\r\n<td>11th \u00a0&#8211; 14th June<\/td>\r\n<\/tr>\r\n<tr>\r\n<td>El Bosque<\/td>\r\n<td>11th &#8211; 14th June<\/td>\r\n<\/tr>\r\n<tr>\r\n<td>La Muela<\/td>\r\n<td>16th &#8211; 19th June<\/td>\r\n<\/tr>\r\n<tr>\r\n<td>Taraguilla<\/td>\r\n<td>18th &#8211; 21st June<\/td>\r\n<\/tr>\r\n<tr>\r\n<td><a href=\"http:\/\/www.andalucia.com\/province\/cadiz\/algeciras\/home.htm\">Algeciras<\/a><\/td>\r\n<td>20th &#8211; 27th June<\/td>\r\n<\/tr>\r\n<tr>\r\n<td>San Pablo de Buciete<\/td>\r\n<td>26th &#8211; 28th June<\/td>\r\n<\/tr>\r\n<tr>\r\n<td><a href=\"http:\/\/www.andalucia.com\/estepona\/home.htm\">Estepona<\/a><\/td>\r\n<td>2nd -9th July<\/td>\r\n<\/tr>\r\n<tr>\r\n<td>Guadiaro\u00a0<\/td>\r\n<td>2nd -5th July<\/td>\r\n<\/tr>\r\n<tr>\r\n<td>San Fernando<\/td>\r\n<td>14th &#8211; 19th July<\/td>\r\n<\/tr>\r\n<tr>\r\n<td><a href=\"http:\/\/www.andalucia.com\/province\/cadiz\/barbate\/home.htm\">Barbate<\/a><\/td>\r\n<td>15th &#8211; 19th July<\/td>\r\n<\/tr>\r\n<tr>\r\n<td>Prado del Rey<\/td>\r\n<td>16th &#8211; 19th July<\/td>\r\n<\/tr>\r\n<tr>\r\n<td><a href=\"http:\/\/www.andalucia.com\/la-linea\/feria\">La L\u00ednea<\/a><\/td>\r\n<td>13th &#8211; 22th July<\/td>\r\n<\/tr>\r\n<tr>\r\n<td>El Campanario, Nueva Andalucia, Marbella<\/td>\r\n<td>21st &#8211; 24th July<\/td>\r\n<\/tr>\r\n<tr>\r\n<td>Benalup<\/td>\r\n<td>22nd &#8211; 26th July<\/td>\r\n<\/tr>\r\n<tr>\r\n<td>Algodonales<\/td>\r\n<td>23rd &#8211; 26th July<\/td>\r\n<\/tr>\r\n<tr>\r\n<td><a href=\"http:\/\/www.andalucia.com\/province\/malaga\/almachar\/home.htm\">Alm\u00e1char<\/a><\/td>\r\n<td>24th &#8211; 26th July<\/td>\r\n<\/tr>\r\n<tr>\r\n<td>Puente Mayorga<\/td>\r\n<td>30th July &#8211; 2nd August<\/td>\r\n<\/tr>\r\n<tr>\r\n<td>Fiesta de la Urta<\/td>\r\n<td><a href=\"http:\/\/www.andalucia.com\/province\/cadiz\/rota\/home.htm\">Rota<\/a><\/td>\r\n<td>31st July &#8211; 2nd August<\/td>\r\n<\/tr>\r\n<tr>\r\n<td>El Gastor<\/td>\r\n<td>1st &#8211; 6th August\u00a0<\/td>\r\n<\/tr>\r\n<tr>\r\n<td>Benaocaz<\/td>\r\n<td>6th &#8211; 9th August<\/td>\r\n<\/tr>\r\n<tr>\r\n<td>Feria Setenil de las Bodegas<\/td>\r\n<td><a href=\"http:\/\/www.andalucia.com\/province\/cadiz\/sentenil\/home.htm\">Setenil de las Bodegas<\/a><\/td>\r\n<td>6th &#8211; 9th August<\/td>\r\n<\/tr>\r\n<tr>\r\n<td>Guadarranque<\/td>\r\n<td>6th &#8211; 9th August<\/td>\r\n<\/tr>\r\n<tr>\r\n<td><a href=\"http:\/\/www.andalucia.com\/province\/malaga\/manilva\/home.htm\">Manilva<\/a>\u00a0\/\u00a0<a href=\"http:\/\/www.andalucia.com\/province\/malaga\/manilva\/sabinillas.htm\">Sabinillas<\/a><\/td>\r\n<td>6th &#8211; 9th August<\/td>\r\n<\/tr>\r\n<tr>\r\n<td>Feria Benamargosa<\/td>\r\n<td><a href=\"http:\/\/www.andalucia.com\/province\/malaga\/benamorgosa\/home.htm\">Benamargosa<\/a><\/td>\r\n<td>3rd &#8211; 5th August<\/td>\r\n<\/tr>\r\n<tr>\r\n<td><a href=\"http:\/\/www.andalucia.com\/province\/huelva\/almonaster\/home.htm\">Almonaster la Real<\/a><\/td>\r\n<td>7th &#8211; 9th August<\/td>\r\n<\/tr>\r\n<tr>\r\n<td><a href=\"http:\/\/www.andalucia.com\/province\/malaga\/iznajar\/home.htm\">Iznajar<\/a><\/td>\r\n<td>8th &#8211; 12th August<\/td>\r\n<\/tr>\r\n<tr>\r\n<td>Feria Real San Roque<\/td>\r\n<td><a href=\"http:\/\/www.andalucia.com\/province\/cadiz\/sanroque\/home.htm\">San Roque<\/a><\/td>\r\n<td>12th &#8211; 16th August<\/td>\r\n<\/tr>\r\n<tr>\r\n<td><a href=\"http:\/\/www.andalucia.com\/province\/jaen\/baeza\/home.htm\">Baeza<\/a><\/td>\r\n<td>11th &#8211; 17th August<\/td>\r\n<\/tr>\r\n<tr>\r\n<td>Alcala del Valle<\/td>\r\n<td>13th &#8211; 16th August<\/td>\r\n<\/tr>\r\n<tr>\r\n<td>Torre Alhaquime<\/td>\r\n<td>13th &#8211; 16th August<\/td>\r\n<\/tr>\r\n<tr>\r\n<td>Trebujena<\/td>\r\n<td>13th &#8211; 16th August<\/td>\r\n<\/tr>\r\n<tr>\r\n<td>Puerto Serrano<\/td>\r\n<td>13th &#8211; 17th August<\/td>\r\n<\/tr>\r\n<tr>\r\n<td><a href=\"http:\/\/www.andalucia.com\/province\/malaga\/campillos\/home.htm\">Campillos<\/a><\/td>\r\n<\/tr>\r\n<tr>\r\n<td><a href=\"http:\/\/www.andalucia.com\/jimena\/home.htm\">Jimena de la Frontera<\/a><\/td>\r\n<td>14th to 16th August<\/td>\r\n<\/tr>\r\n<tr>\r\n<td><a href=\"http:\/\/www.andalucia.com\/province\/malaga\/benahavis\/home.htm\">Benahav\u00eds<\/a><\/td>\r\n<td>14th &#8211; 17th August<\/td>\r\n<\/tr>\r\n<tr>\r\n<td>Real Feria de Augusto\u00a0<\/td>\r\n<td><a href=\"http:\/\/www.andalucia.com\/province\/malaga\/archidona\/home.htm\">Archidona<\/a><\/td>\r\n<td>14th &#8211; 18th August<\/td>\r\n<\/tr>\r\n<tr>\r\n<td>Feria\u00a0<\/td>\r\n<td><a href=\"http:\/\/www.andalucia.com\/province\/sevilla\/fuentes-de-andalucia.htm\">Fuentes de Andalucia<\/a><\/td>\r\n<td>14th &#8211; 18th August<\/td>\r\n<\/tr>\r\n<tr>\r\n<td>Feria Real Puente Genil<\/td>\r\n<td><a href=\"http:\/\/www.andalucia.com\/province\/cordobo\/puente-genil\/home.htm\">Puente Genil<\/a><\/td>\r\n<td>15th &#8211; 18th August<\/td>\r\n<\/tr>\r\n<tr>\r\n<td>Feria San Roque El Coronil<\/td>\r\n<td><a href=\"http:\/\/www.andalucia.com\/province\/sevilla\/el-coronil.htm\">El Coronil<\/a><\/td>\r\n<td>15th &#8211; 19th August<\/td>\r\n<\/tr>\r\n<tr>\r\n<td>Feria M\u00e1laga<\/td>\r\n<td><a href=\"http:\/\/www.andalucia.com\/festival\/malaga-feria.htm\">M\u00e1laga<\/a><\/td>\r\n<td>15th &#8211; 23rd August<\/td>\r\n<\/tr>\r\n<tr>\r\n<td>Feria Real<\/td>\r\n<td>Fuente Palmera<\/td>\r\n<td>16th &#8211; 19th August<\/td>\r\n<\/tr>\r\n<tr>\r\n<td>Feria Pedrera<\/td>\r\n<td>Pedrera<\/td>\r\n<td>16th &#8211; 19th August<\/td>\r\n<\/tr>\r\n<tr>\r\n<td><a href=\"http:\/\/www.andalucia.com\/province\/almeria\/home.htm\">Almeria<\/a><\/td>\r\n<td>17th &#8211; 26th August<\/td>\r\n<\/tr>\r\n<tr>\r\n<td><a href=\"http:\/\/www.andalucia.com\/province\/cadiz\/zaharadelasierra\/home.htm\">Zahara de la Sierra<\/a><\/td>\r\n<td>21st &#8211; 23rd August<\/td>\r\n<\/tr>\r\n<tr>\r\n<td>San Bartolome Umbrete<\/td>\r\n<td><a href=\"http:\/\/www.andalucia.com\/province\/sevilla\/umbrete.htm\">Umbrete<\/a><\/td>\r\n<td>23rd &#8211; 26th August<\/td>\r\n<\/tr>\r\n<tr>\r\n<td><a href=\"http:\/\/www.andalucia.com\/province\/huelva\/cumbres-de-san-bartolome\/home.htm\">Cumbres de San Bartolome\u00a0<\/a><\/td>\r\n<td>19th &#8211; 23 August\u00a0<\/td>\r\n<\/tr>\r\n<tr>\r\n<td>Feria Guaro<\/td>\r\n<td><a href=\"http:\/\/www.andalucia.com\/province\/malaga\/guaro\/home.htm\">Guaro<\/a><\/td>\r\n<td>23rd &#8211; 26th August<\/td>\r\n<\/tr>\r\n<tr>\r\n<td>Feria Real de Agusto Antequera<\/td>\r\n<td><a href=\"http:\/\/www.andalucia.com\/antequera\/home.htm\">Antequera<\/a><\/td>\r\n<td>19th &#8211; 23rd August 2015<\/td>\r\n<\/tr>\r\n<tr>\r\n<td>Feria Aracena<\/td>\r\n<td><a href=\"http:\/\/www.andalucia.com\/province\/huelva\/aracena\/home.htm\">Arecena<\/a><\/td>\r\n<td>23rd &#8211; 27th August<\/td>\r\n<\/tr>\r\n<tr>\r\n<td><a href=\"http:\/\/www.andalucia.com\/province\/cadiz\/alcaladelosgazules\/home.htm\">Alcala de los Gazules<\/a><\/td>\r\n<td>26th &#8211; 30th August<\/td>\r\n<\/tr>\r\n<tr>\r\n<td>Coto de Bornos<\/td>\r\n<td>27th &#8211; 30th August<\/td>\r\n<\/tr>\r\n<tr>\r\n<td>Feria y Fiesta San Agustin Hinojosa del Duque<\/td>\r\n<td><a href=\"http:\/\/www.esp.andalucia.com\/provincia\/cordoba\/los-pedroches\/hinojosa-del-duque.htm\">Hinojosa del Duque<\/a><\/td>\r\n<td>4th &#8211; 8th September<\/td>\r\n<\/tr>\r\n<tr>\r\n<td>Real Feria y Fiestas de San Agustin<\/td>\r\n<td><a href=\"http:\/\/www.esp.andalucia.com\/provincia\/jaen\/norte\/linares.htm\">Guadix<\/a><\/td>\r\n<td>27th August &#8211; 1st September<\/td>\r\n<\/tr>\r\n<tr>\r\n<td><a href=\"http:\/\/www.andalucia.com\/province\/cadiz\/olvera\/home.htm\">Olvera<\/a><\/td>\r\n<td>28th &#8211; 31st August<\/td>\r\n<\/tr>\r\n<tr>\r\n<td>Feria Marchena<\/td>\r\n<td><a href=\"http:\/\/www.andalucia.com\/province\/sevilla\/marchena.htm\">Marchena<\/a><\/td>\r\n<td>30th August &#8211; 2nd September<\/td>\r\n<\/tr>\r\n<tr>\r\n<td><a href=\"http:\/\/www.andalucia.com\/province\/cadiz\/ubrique\/home.htm\">Ubrique<\/a><\/td>\r\n<td>30 August &#8211; 8th September<\/td>\r\n<\/tr>\r\n<tr>\r\n<td>Feria Real<\/td>\r\n<td><a href=\"http:\/\/www.andalucia.com\/province\/cordoba\/priego\/home.htm\">Priego de C\u00f3rdoba<\/a><\/td>\r\n<td>1st &#8211; 5th September<\/td>\r\n<\/tr>\r\n<tr>\r\n<td>Villaluenga del Rosario<\/td>\r\n<td>4th &#8211; 8th September<\/td>\r\n<\/tr>\r\n<tr>\r\n<td><a href=\"http:\/\/www.andalucia.com\/province\/cadiz\/chipiona\/home.htm\">Chipioina<\/a><\/td>\r\n<td>4th &#8211; 8th September<\/td>\r\n<\/tr>\r\n<tr>\r\n<td><a href=\"http:\/\/www.andalucia.com\/province\/conil\/home.htm\">Conil<\/a><\/td>\r\n<td>4th &#8211; 8th September<\/td>\r\n<\/tr>\r\n<tr>\r\n<td>Fiestas de las Angustias Ayamonte<\/td>\r\n<td><a href=\"http:\/\/www.andalucia.com\/cities\/cordoba\/cordoba.htm\">C\u00f3rdoba<\/a><\/td>\r\n<td>5th &#8211; 9th September<\/td>\r\n<\/tr>\r\n<tr>\r\n<td><a href=\"http:\/\/www.andalucia.com\/province\/huelva\/home.htm\">Huelva<\/a><\/td>\r\n<td>5th &#8211; 9th September<\/td>\r\n<\/tr>\r\n<tr>\r\n<td><a href=\"http:\/\/www.andalucia.com\/province\/sevilla\/alcala-del-rio.htm\">Alcala del Rio<\/a><\/td>\r\n<td>5th &#8211; 9th September<\/td>\r\n<\/tr>\r\n<tr>\r\n<td><a href=\"http:\/\/www.andalucia.com\/province\/granada\/baza\/home.htm\">Baza<\/a><\/td>\r\n<td>5th \u00a0&#8211; 15th September<\/td>\r\n<\/tr>\r\n<tr>\r\n<td><a href=\"http:\/\/www.andalucia.com\/mijas\/home.htm\">Mijas<\/a><\/td>\r\n<td>6th &#8211; 11th September<\/td>\r\n<\/tr>\r\n<tr>\r\n<td>\u00a0Feria Real<\/td>\r\n<td><a href=\"http:\/\/www.andalucia.com\/tarifa\/home.htm\">Tarifa<\/a><\/td>\r\n<td>6th &#8211; 13th September<\/td>\r\n<\/tr>\r\n<tr>\r\n<td><a href=\"http:\/\/www.andalucia.com\/province\/sevilla\/ecija\/home.htm\">Ecija<\/a><\/td>\r\n<td>11th &#8211; 16th September<\/td>\r\n<\/tr>\r\n<tr>\r\n<td><a href=\"http:\/\/www.andalucia.com\/province\/cadiz\/ubrique\/home.htm\">Ubrique<\/a><\/td>\r\n<td>10th &#8211; 13th September<\/td>\r\n<\/tr>\r\n<tr>\r\n<td><a href=\"http:\/\/www.andalucia.com\/province\/cadiz\/bornos\/home.htm\">Bornos<\/a><\/td>\r\n<td>10th &#8211; 13th September<\/td>\r\n<\/tr>\r\n<tr>\r\n<td>Fiesta Nacional de la Vendimia<\/td>\r\n<td><a href=\"http:\/\/www.andalucia.com\/cities\/jerez.htm\">Jerez<\/a><\/td>\r\n<td>10th &#8211; 15th September<\/td>\r\n<\/tr>\r\n<tr>\r\n<td><a href=\"http:\/\/www.andalucia.com\/province\/sevilla\/lebrija\/home.htm\">Lebrija<\/a><\/td>\r\n<td>12th &#8211; 16th September<\/td>\r\n<\/tr>\r\n<tr>\r\n<td>\u00a0<\/td>\r\n<td><a href=\"http:\/\/www.andalucia.com\/province\/malaga\/villanuevadetrabuco\/home.htm\">Villanueva del Trabuco<\/a><\/td>\r\n<td>11th &#8211; 15th September<\/td>\r\n<\/tr>\r\n<tr>\r\n<td><a href=\"http:\/\/www.andalucia.com\/province\/sevilla\/moron.htm\">Moron de la Frontera\u00a0<\/a><\/td>\r\n<td>13th &#8211; 16th September<\/td>\r\n<\/tr>\r\n<tr>\r\n<td><a href=\"http:\/\/www.andalucia.com\/province\/sevilla\/carrion-de-los-cespedes.htm\">Carrion de los Cespedes<\/a><\/td>\r\n<td>13th &#8211; 16th September<\/td>\r\n<\/tr>\r\n<tr>\r\n<td><a href=\"http:\/\/www.andalucia.com\/province\/cadiz\/villamartin\/home.htm\">Villamartin<\/a><\/td>\r\n<td>20th &#8211; 24th September<\/td>\r\n<\/tr>\r\n<tr>\r\n<td>Feria de San Miguel, Ubeda<\/td>\r\n<td><a href=\"http:\/\/www.andalucia.com\/province\/jaen\/ubeda\/home.htm\">\u00dabeda<\/a><\/td>\r\n<td>28th September &#8211; 4th October<\/td>\r\n<\/tr>\r\n<tr>\r\n<td><a href=\"http:\/\/www.andalucia.com\/torremolinos\/home.htm\">Torremolinos<\/a><\/td>\r\n<td>25th &#8211; 29th September<\/td>\r\n<\/tr>\r\n<tr>\r\n<td>30th September &#8211; 4th October<\/td>\r\n<\/tr>\r\n<tr>\r\n<td><a href=\"http:\/\/www.andalucia.com\/fuengirola\/home.htm\">Fuengirola<\/a><\/td>\r\n<td>6th &#8211; 12th October<\/td>\r\n<\/tr>\r\n<tr>\r\n<td>Feria de Nstra. Sra. del Rosario<\/td>\r\n<td>Montoro<\/td>\r\n<td>7th &#8211; 12th October<\/td>\r\n<\/tr>\r\n<tr>\r\n<td>Feria de Nerja<\/td>\r\n<td><a href=\"http:\/\/www.andalucia.com\/nerja\/home.htm\">Nerja<\/a><\/td>\r\n<td>8th &#8211; 12th October<\/td>\r\n<\/tr>\r\n<tr>\r\n<td>Feria y Fiestas<\/td>\r\n<td><a href=\"http:\/\/www.andalucia.com\/province\/malaga\/ojen\/home.htm\">Ojen<\/a><\/td>\r\n<td>8th &#8211; 12th October<\/td>\r\n<\/tr>\r\n<tr>\r\n<td><a href=\"http:\/\/www.andalucia.com\/province\/jaen\/home.htm\">Jaen<\/a><\/td>\r\n<td>13th &#8211; 19th October<\/td>\r\n<\/tr>\r\n<tr>\r\n<td><a href=\"http:\/\/www.andalucia.com\/san_pedro\/home.htm\">San Pedro<\/a><\/td>\r\n<td>14th &#8211; 19th October<\/td>\r\n<\/tr>\r\n<\/tbody>\r\n<\/table>\r\n","protected":false},"excerpt":{"rendered":"<p>La Feria de Jerez, ou\u00a0Feria del Caballo\u00a0(festival du cheval) est une des f\u00eates les plus [&#038;hellip<\/p>\n","protected":false},"author":1,"featured_media":0,"parent":3888,"menu_order":0,"comment_status":"closed","ping_status":"closed","template":"","meta":{"footnotes":""},"class_list":["post-3910","page","type-page","status-publish","hentry"],"_links":{"self":[{"href":"https:\/\/www.homeapartmentsjerez.com\/fr\/wp-json\/wp\/v2\/pages\/3910","targetHints":{"allow":["GET"]}}],"collection":[{"href":"https:\/\/www.homeapartmentsjerez.com\/fr\/wp-json\/wp\/v2\/pages"}],"about":[{"href":"https:\/\/www.homeapartmentsjerez.com\/fr\/wp-json\/wp\/v2\/types\/page"}],"author":[{"embeddable":true,"href":"https:\/\/www.homeapartmentsjerez.com\/fr\/wp-json\/wp\/v2\/users\/1"}],"replies":[{"embeddable":true,"href":"https:\/\/www.homeapartmentsjerez.com\/fr\/wp-json\/wp\/v2\/comments?post=3910"}],"version-history":[{"count":8,"href":"https:\/\/www.homeapartmentsjerez.com\/fr\/wp-json\/wp\/v2\/pages\/3910\/revisions"}],"predecessor-version":[{"id":4100,"href":"https:\/\/www.homeapartmentsjerez.com\/fr\/wp-json\/wp\/v2\/pages\/3910\/revisions\/4100"}],"up":[{"embeddable":true,"href":"https:\/\/www.homeapartmentsjerez.com\/fr\/wp-json\/wp\/v2\/pages\/3888"}],"wp:attachment":[{"href":"https:\/\/www.homeapartmentsjerez.com\/fr\/wp-json\/wp\/v2\/media?parent=3910"}],"curies":[{"name":"wp","href":"https:\/\/api.w.org\/{rel}","templated":true}]}}